{"id":1161,"date":"2022-04-27T13:34:27","date_gmt":"2022-04-27T13:34:27","guid":{"rendered":"https:\/\/jettescamino.dk\/?page_id=1161"},"modified":"2024-02-25T10:32:39","modified_gmt":"2024-02-25T10:32:39","slug":"12-juni-la-isla-villaviciosa-21-km","status":"publish","type":"page","link":"https:\/\/jettescamino.dk\/?page_id=1161","title":{"rendered":"12. juni La Isla \u2013 Villaviciosa\u00a0 21 km"},"content":{"rendered":"\n<p class=\"wp-block-paragraph\">N\u00e6ste morgen er Aljascha v\u00e6k. Jeg h\u00f8rte ham st\u00e5 op meget tidligt. Havde jeg vist han ville g\u00e5, var jeg st\u00e5et op og havde sagt farvel til ham. Jeg bliver lidt ked af det. Han var s\u00e5dan en s\u00f8d fyr. Men han har vist brug for at v\u00e6re lidt alene.<\/p>\n\n\n\n<p class=\"wp-block-paragraph\">Vi andre spiser morgenmad sammen. Vejret ser heldigvis fint ud i dag. Jeg starter min vej alene. <\/p>\n\n\n\n<figure class=\"wp-block-gallery has-nested-images columns-default is-cropped wp-block-gallery-1 is-layout-flex wp-block-gallery-is-layout-flex\">\n<figure class=\"wp-block-image size-large\"><img loading=\"lazy\" decoding=\"async\" width=\"1024\" height=\"768\" data-id=\"2732\" src=\"https:\/\/jettescamino.dk\/wp-content\/uploads\/2022\/05\/IMG_6237-1024x768.jpg\" alt=\"\" class=\"wp-image-2732\"\/><\/figure>\n\n\n\n<figure class=\"wp-block-image size-large\"><img loading=\"lazy\" decoding=\"async\" width=\"1024\" height=\"768\" data-id=\"2733\" src=\"https:\/\/jettescamino.dk\/wp-content\/uploads\/2022\/05\/IMG_6242-1024x768.jpg\" alt=\"\" class=\"wp-image-2733\"\/><\/figure>\n<figcaption class=\"blocks-gallery-caption wp-element-caption\"><em>Der er b\u00e5de heste og et \u00e6sel p\u00e5 vejen<\/em><\/figcaption><\/figure>\n\n\n\n<p class=\"wp-block-paragraph\">Da jeg stopper i Ribadesella for at f\u00e5 en kop kaffe, ankommer Andreas. Jeg er overrasket over at se ham, men han siger at hans fod har det godt igen. Efter kaffen siger jeg til ham at jeg skal finde et sted at k\u00f8be frim\u00e6rker, s\u00e5 han forts\u00e6tter videre alene. Jeg kan l\u00e6nge se ham foran mig, men holder afstand.<\/p>\n\n\n\n<p class=\"wp-block-paragraph\">Vejret er sk\u00f8nt og vejen er fin, men lidt stejl. Jeg hygger mig og nyder det.<\/p>\n\n\n\n<p class=\"wp-block-paragraph\">P\u00e5 et tidspunkt kommer jeg til en lille landsbykirke i Colunga og ser Andreas, Katrin og Marina sidde og holde pause. De blev lige s\u00e5 overraskede som jeg, over m\u00f8det. Andreas havde lige fortalt dem at jeg var langt bagefter.<\/p>\n\n\n\n<figure class=\"wp-block-image size-large\"><img loading=\"lazy\" decoding=\"async\" width=\"1024\" height=\"768\" src=\"https:\/\/jettescamino.dk\/wp-content\/uploads\/2022\/05\/IMG_6245-1024x768.jpg\" alt=\"\" class=\"wp-image-2734\"\/><figcaption class=\"wp-element-caption\"><em>Katrin, Marina og Andreas<\/em><\/figcaption><\/figure>\n\n\n\n<figure class=\"wp-block-gallery has-nested-images columns-default is-cropped wp-block-gallery-2 is-layout-flex wp-block-gallery-is-layout-flex\">\n<figure class=\"wp-block-image size-large\"><img loading=\"lazy\" decoding=\"async\" width=\"1024\" height=\"768\" data-id=\"2736\" src=\"https:\/\/jettescamino.dk\/wp-content\/uploads\/2022\/05\/IMG_6247-1024x768.jpg\" alt=\"\" class=\"wp-image-2736\"\/><\/figure>\n\n\n\n<figure class=\"wp-block-image size-large\"><img loading=\"lazy\" decoding=\"async\" width=\"1024\" height=\"768\" data-id=\"2735\" src=\"https:\/\/jettescamino.dk\/wp-content\/uploads\/2022\/05\/IMG_6248-1024x768.jpg\" alt=\"\" class=\"wp-image-2735\"\/><\/figure>\n\n\n\n<figure class=\"wp-block-image size-large\"><img loading=\"lazy\" decoding=\"async\" width=\"1024\" height=\"768\" data-id=\"2737\" src=\"https:\/\/jettescamino.dk\/wp-content\/uploads\/2022\/05\/IMG_6249-1024x768.jpg\" alt=\"\" class=\"wp-image-2737\"\/><\/figure>\n<figcaption class=\"blocks-gallery-caption wp-element-caption\"><em>Kommer forbi utallige horreos<\/em><\/figcaption><\/figure>\n\n\n\n<p class=\"wp-block-paragraph\">Da vi g\u00e5r op mod en kirke i en af de n\u00e6ste landsbyer, er der straks en morlil fra nabog\u00e5rden der kommer farende for at l\u00e5se op. Det er tydeligt at kirken bliver brugt og hun s\u00e6tter en stor \u00e6re i at passe den.<\/p>\n\n\n\n<figure class=\"wp-block-image size-large\"><img loading=\"lazy\" decoding=\"async\" width=\"1024\" height=\"768\" src=\"https:\/\/jettescamino.dk\/wp-content\/uploads\/2022\/05\/IMG_6254-1024x768.jpg\" alt=\"\" class=\"wp-image-2739\"\/><\/figure>\n\n\n\n<figure class=\"wp-block-gallery has-nested-images columns-default is-cropped wp-block-gallery-3 is-layout-flex wp-block-gallery-is-layout-flex\">\n<figure class=\"wp-block-image size-large\"><img loading=\"lazy\" decoding=\"async\" width=\"768\" height=\"1024\" data-id=\"2742\" src=\"https:\/\/jettescamino.dk\/wp-content\/uploads\/2022\/05\/IMG_6256-768x1024.jpg\" alt=\"\" class=\"wp-image-2742\"\/><\/figure>\n\n\n\n<figure class=\"wp-block-image size-large\"><img loading=\"lazy\" decoding=\"async\" width=\"768\" height=\"1024\" data-id=\"2741\" src=\"https:\/\/jettescamino.dk\/wp-content\/uploads\/2022\/05\/IMG_6257-768x1024.jpg\" alt=\"\" class=\"wp-image-2741\"\/><\/figure>\n<figcaption class=\"blocks-gallery-caption wp-element-caption\"><em>Det er en meget gammel kirke San Salvador de Priesca bygget i \u00e5r 921<\/em><\/figcaption><\/figure>\n\n\n\n<div class=\"wp-block-columns is-layout-flex wp-container-core-columns-is-layout-8f761849 wp-block-columns-is-layout-flex\">\n<div class=\"wp-block-column is-layout-flow wp-block-column-is-layout-flow\">\n<figure class=\"wp-block-image size-large is-resized\"><img loading=\"lazy\" decoding=\"async\" width=\"768\" height=\"1024\" src=\"https:\/\/jettescamino.dk\/wp-content\/uploads\/2022\/05\/IMG_6268-768x1024.jpg\" alt=\"\" class=\"wp-image-2743\" style=\"width:404px;height:538px\"\/><\/figure>\n<\/div>\n\n\n\n<div class=\"wp-block-column is-layout-flow wp-block-column-is-layout-flow\">\n<p class=\"wp-block-paragraph\">Andreas forsvinder ud af ruten og vi andre f\u00f8lges, men jeg fors\u00f8ger at f\u00e5 dem til at g\u00e5 i forvejen.&nbsp; <\/p>\n\n\n\n<p class=\"wp-block-paragraph\">Katrin og Marina venter hele tiden p\u00e5 mig. Vejen udvikler sig til at v\u00e6re meget primitiv og pl\u00f8ret. Til sidst g\u00e5r jeg i forvejen, da jeg som s\u00e6dvanligt g\u00e5r bedst alene. P\u00e5 et tidspunkt g\u00e5r jeg gennem en skov, ad en meget smal og meget pl\u00f8ret, stejl sti. Jeg haster af sted, men f\u00e5r lige pludselig d\u00e5rlig samvittighed.&nbsp;<\/p>\n\n\n\n<p class=\"wp-block-paragraph\">Katrin og Marina er sakket langt bagefter og jeg bliver urolig for, at der er sket dem noget. Jeg g\u00e5r tilbage og ja Katrin er faldet. Hun er ikke kommet mere til skade, end et fald i pl\u00f8ret, men hun er meget taknemmelig over at jeg vender tilbage. Vi forts\u00e6tter sammen ind til Villaviciosa.<\/p>\n\n\n\n<p class=\"wp-block-paragraph\">Det er ligesom, at jeg bliver meget mere udmattet, n\u00e5r jeg g\u00e5r sammen med andre og h\u00f8rer p\u00e5 deres beklagelser. Men endelig n\u00e5r vi til centrum, hvor der er en privat pension og Andreas sidder udenfor.<\/p>\n\n\n\n<p class=\"wp-block-paragraph\">Vi f\u00e5r alle v\u00e6relser til natten. Thomas ringer og fort\u00e6ller at jeg f\u00e5r installeret en pumpe p\u00e5 min k\u00e6lderbr\u00f8nd. Mor og han klarer bare det hele.<\/p>\n<\/div>\n<\/div>\n\n\n\n<figure class=\"wp-block-gallery has-nested-images columns-default is-cropped wp-block-gallery-4 is-layout-flex wp-block-gallery-is-layout-flex\">\n<figure class=\"wp-block-image size-large\"><img loading=\"lazy\" decoding=\"async\" width=\"1024\" height=\"768\" data-id=\"2744\" src=\"https:\/\/jettescamino.dk\/wp-content\/uploads\/2022\/05\/IMG_6285-1024x768.jpg\" alt=\"\" class=\"wp-image-2744\"\/><\/figure>\n\n\n\n<figure class=\"wp-block-image size-large\"><img loading=\"lazy\" decoding=\"async\" width=\"1024\" height=\"768\" data-id=\"2749\" src=\"https:\/\/jettescamino.dk\/wp-content\/uploads\/2022\/05\/IMG_6290-1024x768.jpg\" alt=\"\" class=\"wp-image-2749\"\/><\/figure>\n<figcaption class=\"blocks-gallery-caption wp-element-caption\"><em>Afskedsmiddag<\/em><\/figcaption><\/figure>\n\n\n\n<p class=\"wp-block-paragraph\">Om aftenen g\u00e5r vi ud og spiser sammen. Det skal v\u00e6re vores afsked, da vores veje skilles den n\u00e6ste dag. <\/p>\n\n\n\n<p class=\"wp-block-paragraph\">P\u00e5 det ene foto kan man se hvordan der bliver h\u00e6ldt cider op, med en meget lang str\u00e5le. Det er en tradition for omr\u00e5det og m\u00e5ske netop derfor er gulvet s\u00e5 klistret at man n\u00e6sten ikke kan flytte f\u00f8dderne.<\/p>\n\n\n","protected":false},"excerpt":{"rendered":"<p>N\u00e6ste morgen er Aljascha v\u00e6k. Jeg h\u00f8rte ham st\u00e5 op meget tidligt. Havde jeg vist han ville g\u00e5, var jeg st\u00e5et op og havde sagt farvel til ham. Jeg bliver&hellip; <\/p>\n","protected":false},"author":1,"featured_media":0,"parent":83,"menu_order":20,"comment_status":"closed","ping_status":"closed","template":"","meta":{"footnotes":""},"class_list":["post-1161","page","type-page","status-publish","hentry"],"_links":{"self":[{"href":"https:\/\/jettescamino.dk\/index.php?rest_route=\/wp\/v2\/pages\/1161","targetHints":{"allow":["GET"]}}],"collection":[{"href":"https:\/\/jettescamino.dk\/index.php?rest_route=\/wp\/v2\/pages"}],"about":[{"href":"https:\/\/jettescamino.dk\/index.php?rest_route=\/wp\/v2\/types\/page"}],"author":[{"embeddable":true,"href":"https:\/\/jettescamino.dk\/index.php?rest_route=\/wp\/v2\/users\/1"}],"replies":[{"embeddable":true,"href":"https:\/\/jettescamino.dk\/index.php?rest_route=%2Fwp%2Fv2%2Fcomments&post=1161"}],"version-history":[{"count":7,"href":"https:\/\/jettescamino.dk\/index.php?rest_route=\/wp\/v2\/pages\/1161\/revisions"}],"predecessor-version":[{"id":7186,"href":"https:\/\/jettescamino.dk\/index.php?rest_route=\/wp\/v2\/pages\/1161\/revisions\/7186"}],"up":[{"embeddable":true,"href":"https:\/\/jettescamino.dk\/index.php?rest_route=\/wp\/v2\/pages\/83"}],"wp:attachment":[{"href":"https:\/\/jettescamino.dk\/index.php?rest_route=%2Fwp%2Fv2%2Fmedia&parent=1161"}],"curies":[{"name":"wp","href":"https:\/\/api.w.org\/{rel}","templated":true}]}}