{"id":3742,"date":"2022-06-21T19:46:43","date_gmt":"2022-06-21T19:46:43","guid":{"rendered":"https:\/\/jettescamino.dk\/?page_id=3742"},"modified":"2022-11-17T09:02:50","modified_gmt":"2022-11-17T09:02:50","slug":"14-06-barcelona","status":"publish","type":"page","link":"https:\/\/jettescamino.dk\/?page_id=3742","title":{"rendered":"14\/06 Barcelona"},"content":{"rendered":"\n<p class=\"wp-block-paragraph\">Vel ankommet til Barcelona f\u00e5r jeg en seng p\u00e5 et ungdoms vandrehjem i det gotiske kvarter. Point Gothic hed det vist.<\/p>\n\n\n\n<p class=\"wp-block-paragraph\">Man sov p\u00e5 hylder som skulle forceres af en h\u00f8j stige, men havde dog et forh\u00e6ng, en skungummimadras og et skab der kunne l\u00e5ses.<\/p>\n\n\n\n<p class=\"wp-block-paragraph\"><\/p>\n\n\n\n<figure class=\"wp-block-gallery has-nested-images columns-default is-cropped wp-block-gallery-1 is-layout-flex wp-block-gallery-is-layout-flex\">\n<figure class=\"wp-block-image size-large\"><img loading=\"lazy\" decoding=\"async\" width=\"1024\" height=\"614\" data-id=\"4819\" src=\"https:\/\/jettescamino.dk\/wp-content\/uploads\/2022\/11\/2011-SDC13784-1024x614.jpg\" alt=\"\" class=\"wp-image-4819\"\/><\/figure>\n\n\n\n<figure class=\"wp-block-image size-large\"><img loading=\"lazy\" decoding=\"async\" width=\"768\" height=\"1024\" data-id=\"4820\" src=\"https:\/\/jettescamino.dk\/wp-content\/uploads\/2022\/11\/2011-SDC13785-768x1024.jpg\" alt=\"\" class=\"wp-image-4820\"\/><\/figure>\n<figcaption class=\"blocks-gallery-caption wp-element-caption\"><em>Stigen op til min k\u00f8je. Heldigvis l\u00e5 jeg ved et vindue, s\u00e5 det var muligt at f\u00e5 lidt luft<\/em><\/figcaption><\/figure>\n\n\n\n<figure class=\"wp-block-gallery has-nested-images columns-default is-cropped wp-block-gallery-2 is-layout-flex wp-block-gallery-is-layout-flex\">\n<figure class=\"wp-block-image size-large\"><img loading=\"lazy\" decoding=\"async\" width=\"1024\" height=\"768\" data-id=\"4826\" src=\"https:\/\/jettescamino.dk\/wp-content\/uploads\/2022\/11\/2011-SDC13829-1024x768.jpg\" alt=\"\" class=\"wp-image-4826\"\/><\/figure>\n\n\n\n<figure class=\"wp-block-image size-large\"><img loading=\"lazy\" decoding=\"async\" width=\"1024\" height=\"614\" data-id=\"4827\" src=\"https:\/\/jettescamino.dk\/wp-content\/uploads\/2022\/11\/2011-SDC13830-1024x614.jpg\" alt=\"\" class=\"wp-image-4827\"\/><\/figure>\n\n\n\n<figure class=\"wp-block-image size-large\"><img loading=\"lazy\" decoding=\"async\" width=\"1024\" height=\"768\" data-id=\"4828\" src=\"https:\/\/jettescamino.dk\/wp-content\/uploads\/2022\/11\/2011-SDC13831-1024x768.jpg\" alt=\"\" class=\"wp-image-4828\"\/><\/figure>\n\n\n\n<figure class=\"wp-block-image size-large\"><img loading=\"lazy\" decoding=\"async\" width=\"1024\" height=\"614\" data-id=\"4829\" src=\"https:\/\/jettescamino.dk\/wp-content\/uploads\/2022\/11\/2011-SDC13833-1024x614.jpg\" alt=\"\" class=\"wp-image-4829\"\/><figcaption class=\"wp-element-caption\"><em>Fulgte r\u00e5det fra Juannan og gik til Placa Catalunia<\/em><\/figcaption><\/figure>\n<\/figure>\n\n\n\n<p class=\"wp-block-paragraph\">Og ja der var mange unge mennesker der havde sl\u00e5et sig ned, men det virkede meget fredeligt.<\/p>\n\n\n\n<h3 class=\"wp-block-heading\">15\/06 \u2013 16\/06 Barcelona<\/h3>\n\n\n\n<p class=\"wp-block-paragraph\">Og s\u00e5 gik resten af tiden med at v\u00e6re turist i Barcelona. Bl.a. Havets katedral, Sagrada Familia, Park Gr\u00fcel mm.<\/p>\n\n\n\n<figure class=\"wp-block-image size-large\"><img loading=\"lazy\" decoding=\"async\" width=\"1024\" height=\"768\" src=\"https:\/\/jettescamino.dk\/wp-content\/uploads\/2022\/11\/2011-SDC13795-1024x768.jpg\" alt=\"\" class=\"wp-image-4822\"\/><\/figure>\n\n\n\n<figure class=\"wp-block-image size-large\"><img loading=\"lazy\" decoding=\"async\" width=\"1024\" height=\"749\" src=\"https:\/\/jettescamino.dk\/wp-content\/uploads\/2022\/11\/2011-SDC13804-1024x749.jpg\" alt=\"\" class=\"wp-image-4823\"\/><\/figure>\n\n\n\n<figure class=\"wp-block-image size-large\"><img loading=\"lazy\" decoding=\"async\" width=\"1024\" height=\"768\" src=\"https:\/\/jettescamino.dk\/wp-content\/uploads\/2022\/11\/2011-SDC13817-1024x768.jpg\" alt=\"\" class=\"wp-image-4824\"\/><\/figure>\n\n\n\n<figure class=\"wp-block-image size-large\"><img loading=\"lazy\" decoding=\"async\" width=\"1024\" height=\"768\" src=\"https:\/\/jettescamino.dk\/wp-content\/uploads\/2022\/11\/2011-SDC13821-2-1024x768.jpg\" alt=\"\" class=\"wp-image-4825\"\/><\/figure>\n\n\n\n<figure class=\"wp-block-image size-large\"><img loading=\"lazy\" decoding=\"async\" width=\"1024\" height=\"768\" src=\"https:\/\/jettescamino.dk\/wp-content\/uploads\/2022\/11\/2011-SDC13910-1024x768.jpg\" alt=\"\" class=\"wp-image-4830\"\/><figcaption class=\"wp-element-caption\"><em>Sagrada Familia<\/em><\/figcaption><\/figure>\n\n\n\n<figure class=\"wp-block-image size-large\"><img loading=\"lazy\" decoding=\"async\" width=\"1024\" height=\"623\" src=\"https:\/\/jettescamino.dk\/wp-content\/uploads\/2022\/11\/2011-SDC13933-1024x623.jpg\" alt=\"\" class=\"wp-image-4860\" srcset=\"https:\/\/jettescamino.dk\/wp-content\/uploads\/2022\/11\/2011-SDC13933-1024x623.jpg 1024w, https:\/\/jettescamino.dk\/wp-content\/uploads\/2022\/11\/2011-SDC13933-300x183.jpg 300w, https:\/\/jettescamino.dk\/wp-content\/uploads\/2022\/11\/2011-SDC13933-768x467.jpg 768w, https:\/\/jettescamino.dk\/wp-content\/uploads\/2022\/11\/2011-SDC13933-1536x935.jpg 1536w, https:\/\/jettescamino.dk\/wp-content\/uploads\/2022\/11\/2011-SDC13933-2048x1246.jpg 2048w\" sizes=\"auto, (max-width: 1024px) 100vw, 1024px\" \/><\/figure>\n\n\n\n<figure class=\"wp-block-image size-large\"><img loading=\"lazy\" decoding=\"async\" width=\"1024\" height=\"768\" src=\"https:\/\/jettescamino.dk\/wp-content\/uploads\/2022\/11\/2011SDC13943-1024x768.jpg\" alt=\"\" class=\"wp-image-4861\" srcset=\"https:\/\/jettescamino.dk\/wp-content\/uploads\/2022\/11\/2011SDC13943-1024x768.jpg 1024w, https:\/\/jettescamino.dk\/wp-content\/uploads\/2022\/11\/2011SDC13943-300x225.jpg 300w, https:\/\/jettescamino.dk\/wp-content\/uploads\/2022\/11\/2011SDC13943-768x576.jpg 768w, https:\/\/jettescamino.dk\/wp-content\/uploads\/2022\/11\/2011SDC13943-1536x1152.jpg 1536w, https:\/\/jettescamino.dk\/wp-content\/uploads\/2022\/11\/2011SDC13943-2048x1536.jpg 2048w\" sizes=\"auto, (max-width: 1024px) 100vw, 1024px\" \/><\/figure>\n\n\n\n<figure class=\"wp-block-image size-large\"><img loading=\"lazy\" decoding=\"async\" width=\"1024\" height=\"618\" src=\"https:\/\/jettescamino.dk\/wp-content\/uploads\/2022\/11\/2011SDC13981-1024x618.jpg\" alt=\"\" class=\"wp-image-4862\" srcset=\"https:\/\/jettescamino.dk\/wp-content\/uploads\/2022\/11\/2011SDC13981-1024x618.jpg 1024w, https:\/\/jettescamino.dk\/wp-content\/uploads\/2022\/11\/2011SDC13981-300x181.jpg 300w, https:\/\/jettescamino.dk\/wp-content\/uploads\/2022\/11\/2011SDC13981-768x463.jpg 768w, https:\/\/jettescamino.dk\/wp-content\/uploads\/2022\/11\/2011SDC13981-1536x927.jpg 1536w, https:\/\/jettescamino.dk\/wp-content\/uploads\/2022\/11\/2011SDC13981-2048x1236.jpg 2048w\" sizes=\"auto, (max-width: 1024px) 100vw, 1024px\" \/><\/figure>\n\n\n\n<figure class=\"wp-block-image size-large\"><img loading=\"lazy\" decoding=\"async\" width=\"1024\" height=\"768\" src=\"https:\/\/jettescamino.dk\/wp-content\/uploads\/2022\/11\/2011SDC14050-1024x768.jpg\" alt=\"\" class=\"wp-image-4863\" srcset=\"https:\/\/jettescamino.dk\/wp-content\/uploads\/2022\/11\/2011SDC14050-1024x768.jpg 1024w, https:\/\/jettescamino.dk\/wp-content\/uploads\/2022\/11\/2011SDC14050-300x225.jpg 300w, https:\/\/jettescamino.dk\/wp-content\/uploads\/2022\/11\/2011SDC14050-768x576.jpg 768w, https:\/\/jettescamino.dk\/wp-content\/uploads\/2022\/11\/2011SDC14050-1536x1152.jpg 1536w, https:\/\/jettescamino.dk\/wp-content\/uploads\/2022\/11\/2011SDC14050-2048x1536.jpg 2048w\" sizes=\"auto, (max-width: 1024px) 100vw, 1024px\" \/><figcaption class=\"wp-element-caption\"><em>Vist nok verdens l\u00e6ngste b\u00e6nk<\/em><\/figcaption><\/figure>\n\n\n\n<p class=\"wp-block-paragraph\">En eftermiddag sad jeg p\u00e5 vandrehjemmets tagterrasse da jeg kunne h\u00f8re en tiltagene larm i gaderne. Jeg havde godt nok tidligere p\u00e5 dagen haft fornemmelse af at folk bev\u00e6gede sig ind mod centrum. Men det blev s\u00e5 voldsomt at jeg ikke turde bev\u00e6ge mig ned p\u00e5 gaden. R\u00e5b og skrig, kanonslag og politisirener.<\/p>\n\n\n\n<p class=\"wp-block-paragraph\">Det var ret vildt og varede til ud p\u00e5 aftenen. Jeg kunne jo godt regne ud at det kom fra opr\u00f8ret p\u00e5 Placa Catalunia<\/p>\n\n\n\n<p class=\"wp-block-paragraph\">Men da jeg kom forbi igen n\u00e6ste morgen, var der ganske fredeligt igen.<\/p>\n\n\n\n<p class=\"wp-block-paragraph\">Selv om der havde v\u00e6ret mange mennesker.<\/p>\n\n\n\n<p class=\"wp-block-paragraph\">Ja der ikke noget at sige til at der var larm. Centrum for begivenhederne var mindre end en km v\u00e6k fra mig.<\/p>\n\n\n\n<figure class=\"wp-block-image size-full\"><img loading=\"lazy\" decoding=\"async\" width=\"587\" height=\"479\" src=\"https:\/\/jettescamino.dk\/wp-content\/uploads\/2022\/11\/2011-Barcelona-2011-oproer.png\" alt=\"\" class=\"wp-image-4845\" srcset=\"https:\/\/jettescamino.dk\/wp-content\/uploads\/2022\/11\/2011-Barcelona-2011-oproer.png 587w, https:\/\/jettescamino.dk\/wp-content\/uploads\/2022\/11\/2011-Barcelona-2011-oproer-300x245.png 300w\" sizes=\"auto, (max-width: 587px) 100vw, 587px\" \/><\/figure>\n\n\n\n<h3 class=\"wp-block-heading\">17\/06 hjem<\/h3>\n\n\n\n<p class=\"wp-block-paragraph\">St\u00e5r op klokken 6.00. Meget stille da alle de unge \u2013 der i \u00f8vrigt har holdt mig v\u00e5gen det meste af natten \u2013 lige er faldet i s\u00f8vn. Det er for tidligt til morgenmad, men jeg elsker de her morgener i Spanien. Hvor det lysner lige s\u00e5 stille og luften er frisk. Der er kun de f\u00e5 mennesker p\u00e5 gaden, som er p\u00e5 vej til arbejde. Og det er jo altid sp\u00e6ndende at tage hul p\u00e5 en ny dag.<\/p>\n","protected":false},"excerpt":{"rendered":"<p>Vel ankommet til Barcelona f\u00e5r jeg en seng p\u00e5 et ungdoms vandrehjem i det gotiske kvarter. Point Gothic hed det vist. Man sov p\u00e5 hylder som skulle forceres af en&hellip; <\/p>\n","protected":false},"author":1,"featured_media":0,"parent":3121,"menu_order":14,"comment_status":"closed","ping_status":"closed","template":"","meta":{"footnotes":""},"class_list":["post-3742","page","type-page","status-publish","hentry"],"_links":{"self":[{"href":"https:\/\/jettescamino.dk\/index.php?rest_route=\/wp\/v2\/pages\/3742","targetHints":{"allow":["GET"]}}],"collection":[{"href":"https:\/\/jettescamino.dk\/index.php?rest_route=\/wp\/v2\/pages"}],"about":[{"href":"https:\/\/jettescamino.dk\/index.php?rest_route=\/wp\/v2\/types\/page"}],"author":[{"embeddable":true,"href":"https:\/\/jettescamino.dk\/index.php?rest_route=\/wp\/v2\/users\/1"}],"replies":[{"embeddable":true,"href":"https:\/\/jettescamino.dk\/index.php?rest_route=%2Fwp%2Fv2%2Fcomments&post=3742"}],"version-history":[{"count":5,"href":"https:\/\/jettescamino.dk\/index.php?rest_route=\/wp\/v2\/pages\/3742\/revisions"}],"predecessor-version":[{"id":4865,"href":"https:\/\/jettescamino.dk\/index.php?rest_route=\/wp\/v2\/pages\/3742\/revisions\/4865"}],"up":[{"embeddable":true,"href":"https:\/\/jettescamino.dk\/index.php?rest_route=\/wp\/v2\/pages\/3121"}],"wp:attachment":[{"href":"https:\/\/jettescamino.dk\/index.php?rest_route=%2Fwp%2Fv2%2Fmedia&parent=3742"}],"curies":[{"name":"wp","href":"https:\/\/api.w.org\/{rel}","templated":true}]}}