{"id":4297,"date":"2022-10-16T13:23:31","date_gmt":"2022-10-16T13:23:31","guid":{"rendered":"https:\/\/jettescamino.dk\/?page_id=4297"},"modified":"2026-04-23T14:49:57","modified_gmt":"2026-04-23T14:49:57","slug":"camino-ingles","status":"publish","type":"page","link":"https:\/\/jettescamino.dk\/?page_id=4297","title":{"rendered":"1. del   24. august &#8211; 30. august"},"content":{"rendered":"\n<p class=\"has-medium-font-size\"><strong>24\/08<\/strong><\/p>\n\n\n\n<p>En meget behagelig flyvetur. Skal skifte i Madrid og jeg er f\u00f8rst fremme i La Cor\u00fana kl 2100. Men det g\u00e5r nok, da jeg har booket et hotelv\u00e6relse og der slukker de ikke lyset kl. 22, som de g\u00f8r p\u00e5 albergerne. S\u00e5 jeg skal nok n\u00e5 frem inden aftensmad.<\/p>\n\n\n\n<p>Men kaptajnen meddeler at det er umuligt at lande i La Cor\u00fana pga. uvejr, s\u00e5 vi omdirigeres til Santiago. Jeg har meget sv\u00e6rt ved at h\u00f8re hvad der bliver sagt over h\u00f8jtaleren, men kan m\u00e6rke at folk er i opr\u00f8r. Jeg har en aftale med mit hotel kl. 21 og st\u00e5r stadig i Santiago lufthavn nu hvor klokken er t\u00e6t p\u00e5 22. Der er en lind str\u00f8m af busser der skal k\u00f8re passagererne videre. Men Iberias bus, som er den jeg skal med, er selvf\u00f8lgelig den sidste der kommer og det er mere held end forstand, at jeg finder den. &nbsp;P\u00e5 busturen fors\u00f8ger jeg at skrive til hotellet at jeg er forsinket.<\/p>\n\n\n\n<p>Samtidig \u00e6rgrer jeg mig over at jeg har bestilt det hotelv\u00e6relse. HVIS jeg ikke havde bestilt det, kunne jeg have taget en taxa ind til Santiago og taget en bus i morgen til Ferrol, hvor min caminovandring starter. Og HVIS jeg ikke havde bokket retur fly fra La Cor\u00fana, kunne jeg have taget nogle dage i Barcelona til slut, HVIS HVIS HVIS\u2026.<\/p>\n\n\n\n<p>Jeg tror det er noget af det denne camino skal l\u00e6re mig. Ikke at t\u00e6nke HVIS, men i stedet altid handle ud fra den situation jer er i p\u00e5 det p\u00e5g\u00e6ldende tidspunkt. Overveje hvad muligheder der er og ikke t\u00e6nke HVIS jeg nu havde gjort det anderledes, s\u00e5 havde det v\u00e6ret meget bedre. Det er jo fuldst\u00e6ndig spild af tanker og f\u00f8lelser.<\/p>\n\n\n\n<p>Da vi endelig kommer afsted tar det kun 45min at k\u00f8re til La Cor\u00fana lufthavn, og med verdens hurtigste og flinkeste taxachauff\u00f8r bliver jeg k\u00f8rt videre til mit hotel, hvor jeg lander kort f\u00f8r midnat. Der bliver ingen aftensmad i dag, men det har jeg jo pr\u00f8vet f\u00f8r. S\u00e5 den st\u00e5r p\u00e5 tv, \u00f8l fra receptionen og et bad. Og s\u00e5 er jeg sp\u00e6ndt p\u00e5 hvad morgendagen bringer. Nu er jeg i hvert fald tr\u00e6t.<\/p>\n\n\n\n<p class=\"has-medium-font-size\"><strong>25\/08 La Cor\u00fana- Ferrol-Neda 22km<\/strong><\/p>\n\n\n\n<figure class=\"wp-block-image size-full\"><img loading=\"lazy\" decoding=\"async\" width=\"1024\" height=\"768\" src=\"https:\/\/jettescamino.dk\/wp-content\/uploads\/2023\/04\/2022-09-16-IMG_2356.jpg\" alt=\"\" class=\"wp-image-5480\" srcset=\"https:\/\/jettescamino.dk\/wp-content\/uploads\/2023\/04\/2022-09-16-IMG_2356.jpg 1024w, https:\/\/jettescamino.dk\/wp-content\/uploads\/2023\/04\/2022-09-16-IMG_2356-300x225.jpg 300w, https:\/\/jettescamino.dk\/wp-content\/uploads\/2023\/04\/2022-09-16-IMG_2356-768x576.jpg 768w\" sizes=\"auto, (max-width: 1024px) 100vw, 1024px\" \/><\/figure>\n\n\n\n<figure class=\"wp-block-gallery has-nested-images columns-default is-cropped wp-block-gallery-1 is-layout-flex wp-block-gallery-is-layout-flex\">\n<figure class=\"wp-block-image size-large\"><img loading=\"lazy\" decoding=\"async\" width=\"839\" height=\"601\" data-id=\"5598\" src=\"https:\/\/jettescamino.dk\/wp-content\/uploads\/2023\/04\/2022-toiletskriv.jpg\" alt=\"\" class=\"wp-image-5598\" srcset=\"https:\/\/jettescamino.dk\/wp-content\/uploads\/2023\/04\/2022-toiletskriv.jpg 839w, https:\/\/jettescamino.dk\/wp-content\/uploads\/2023\/04\/2022-toiletskriv-300x215.jpg 300w, https:\/\/jettescamino.dk\/wp-content\/uploads\/2023\/04\/2022-toiletskriv-768x550.jpg 768w\" sizes=\"auto, (max-width: 839px) 100vw, 839px\" \/><\/figure>\n<\/figure>\n\n\n\n<p>Drak morgenkaffe i en sk\u00f8n bar, hvor jeg satte min signatur p\u00e5 toilettet. Hvorefter jeg fandt busstationen og en bus til Ferrol, hvor min rute starter.<\/p>\n\n\n\n<p>Fandt hurtigt katedralen i Ferrol, hvor jeg fik mit f\u00f8rste stempel og blev velsignet af den lokale pr\u00e6st, som \u00f8nskede mig en Bon Camino.<\/p>\n\n\n\n<figure class=\"wp-block-image size-full\"><img loading=\"lazy\" decoding=\"async\" width=\"1024\" height=\"768\" src=\"https:\/\/jettescamino.dk\/wp-content\/uploads\/2023\/04\/2022-09-16-IMG_2361.jpg\" alt=\"\" class=\"wp-image-5482\" srcset=\"https:\/\/jettescamino.dk\/wp-content\/uploads\/2023\/04\/2022-09-16-IMG_2361.jpg 1024w, https:\/\/jettescamino.dk\/wp-content\/uploads\/2023\/04\/2022-09-16-IMG_2361-300x225.jpg 300w, https:\/\/jettescamino.dk\/wp-content\/uploads\/2023\/04\/2022-09-16-IMG_2361-768x576.jpg 768w\" sizes=\"auto, (max-width: 1024px) 100vw, 1024px\" \/><figcaption class=\"wp-element-caption\">Katedralen i Ferrol<\/figcaption><\/figure>\n\n\n\n<p>Det var nemt nok at finde vej. Fra jeg fandt den f\u00f8rste guide vrimlede det pludselig med dem og det gik bare derudad.<\/p>\n\n\n\n<p>Spiste frokost undervejs. Tortilla og nogle intetsigende k\u00f8dboller. <\/p>\n\n\n\n<p>S\u00e5 flere andre p\u00e5 ruten og forventede at se dem i alberget senere. Men der var ingen jeg kunne genkende. Det var dejligt at bo sammen med andre pilgrimme. Specielt to unge kvinder (engelsktalende) fra Italien, &nbsp;Sebastian fra Columbia, en ung Spanier som jeg gik ud i byen med og ledte efter en bar hvor vi kunne f\u00e5 stillet t\u00f8rsten og en k\u00f8bmand hvor vi kunne proviantere. Samt en mor med to d\u00f8tre. Jeg studsede lidt over at de havde s\u00e5 meget bagage, men opdagede s\u00e5, at de havde en stor kuffert med. T\u00e6nkte, de er nok ikke pilgrimme, men m\u00e5ske turister der har misset deres overnatningsmulighed. Jeg skulle senere finde ud af at det var helt \u201dnormalt\u201d p\u00e5 denne rute at medbringe en kuffert og f\u00e5 k\u00f8rt sin bagage.<\/p>\n\n\n\n<p>Efter at jeg var g\u00e5et i seng h\u00f8rte vi en del uro uden for alberget. Det var 6 unge drenge, som ankom sent og \u00f8nskede et sted at sove.<\/p>\n\n\n\n<p>Der blev ringet til lederen af alberget og drengene blev lukket ind. Der var lige 6 overk\u00f8jer tilbage, s\u00e5 det rakte lige til dem og de var meget flinke og hensynsfulde. Specielt da jeg stod op og hjalp dem med at rede seng. Sagen er at man f\u00e5r udleveret et lagen og et pudebetr\u00e6k i noget bl\u00f8dt papir. Men da de tilsyneladende var p\u00e5 deres f\u00f8rste camino vidste de ikke rigtig hvordan de skulle bruge det.<\/p>\n\n\n\n<p class=\"has-medium-font-size\"><strong>26\/08 Neda-Pontedeume 27 km,<\/strong><\/p>\n\n\n\n<p>Drak morgenkaffe (medbragt) i alberget. 2. morgenkaffe i Fene efter 6 km. Og 3. morgenkaffe i Vilar do Colo 9,5km. Hvor jeg dog elsker at v\u00e6re p\u00e5 caminoen igen. Sk\u00f8n vej i dag. Lige bortset fra at jeg har f\u00e5et en vabel. Nu har jeg g\u00e5et over 8000km p\u00e5 de spanske stier og s\u00e5 sker det lige nu.<\/p>\n\n\n\n<p><\/p>\n\n\n\n<figure class=\"wp-block-gallery has-nested-images columns-default is-cropped wp-block-gallery-2 is-layout-flex wp-block-gallery-is-layout-flex\">\n<figure class=\"wp-block-image size-large\"><img loading=\"lazy\" decoding=\"async\" width=\"1024\" height=\"768\" data-id=\"5490\" src=\"https:\/\/jettescamino.dk\/wp-content\/uploads\/2023\/04\/2022-09-16-IMG_2391.jpg\" alt=\"\" class=\"wp-image-5490\" srcset=\"https:\/\/jettescamino.dk\/wp-content\/uploads\/2023\/04\/2022-09-16-IMG_2391.jpg 1024w, https:\/\/jettescamino.dk\/wp-content\/uploads\/2023\/04\/2022-09-16-IMG_2391-300x225.jpg 300w, https:\/\/jettescamino.dk\/wp-content\/uploads\/2023\/04\/2022-09-16-IMG_2391-768x576.jpg 768w\" sizes=\"auto, (max-width: 1024px) 100vw, 1024px\" \/><\/figure>\n\n\n\n<figure class=\"wp-block-image size-large\"><img loading=\"lazy\" decoding=\"async\" width=\"1024\" height=\"768\" data-id=\"5489\" src=\"https:\/\/jettescamino.dk\/wp-content\/uploads\/2023\/04\/2022-09-16-IMG_2390.jpg\" alt=\"\" class=\"wp-image-5489\" srcset=\"https:\/\/jettescamino.dk\/wp-content\/uploads\/2023\/04\/2022-09-16-IMG_2390.jpg 1024w, https:\/\/jettescamino.dk\/wp-content\/uploads\/2023\/04\/2022-09-16-IMG_2390-300x225.jpg 300w, https:\/\/jettescamino.dk\/wp-content\/uploads\/2023\/04\/2022-09-16-IMG_2390-768x576.jpg 768w\" sizes=\"auto, (max-width: 1024px) 100vw, 1024px\" \/><\/figure>\n<\/figure>\n\n\n\n<p>Jeg m\u00e5 indr\u00f8mme at jeg har overset nogle guider og g\u00e5et lidt forkert i dag. S\u00e5 ruten blev noget l\u00e6ngere ende de forudsagte 16 km. Men jeg har g\u00e5et og funderede over caminoen. Man t\u00e6nker s\u00e5 godt n\u00e5r man g\u00e5r.<\/p>\n\n\n\n<figure class=\"wp-block-gallery has-nested-images columns-default is-cropped wp-block-gallery-3 is-layout-flex wp-block-gallery-is-layout-flex\">\n<figure class=\"wp-block-image size-large\"><img loading=\"lazy\" decoding=\"async\" width=\"1024\" height=\"768\" data-id=\"5486\" src=\"https:\/\/jettescamino.dk\/wp-content\/uploads\/2023\/04\/2022-09-16-IMG_2380.jpg\" alt=\"\" class=\"wp-image-5486\" srcset=\"https:\/\/jettescamino.dk\/wp-content\/uploads\/2023\/04\/2022-09-16-IMG_2380.jpg 1024w, https:\/\/jettescamino.dk\/wp-content\/uploads\/2023\/04\/2022-09-16-IMG_2380-300x225.jpg 300w, https:\/\/jettescamino.dk\/wp-content\/uploads\/2023\/04\/2022-09-16-IMG_2380-768x576.jpg 768w\" sizes=\"auto, (max-width: 1024px) 100vw, 1024px\" \/><\/figure>\n\n\n\n<figure class=\"wp-block-image size-large\"><img loading=\"lazy\" decoding=\"async\" width=\"1024\" height=\"768\" data-id=\"5487\" src=\"https:\/\/jettescamino.dk\/wp-content\/uploads\/2023\/04\/2022-09-16-IMG_2383.jpg\" alt=\"\" class=\"wp-image-5487\" srcset=\"https:\/\/jettescamino.dk\/wp-content\/uploads\/2023\/04\/2022-09-16-IMG_2383.jpg 1024w, https:\/\/jettescamino.dk\/wp-content\/uploads\/2023\/04\/2022-09-16-IMG_2383-300x225.jpg 300w, https:\/\/jettescamino.dk\/wp-content\/uploads\/2023\/04\/2022-09-16-IMG_2383-768x576.jpg 768w\" sizes=\"auto, (max-width: 1024px) 100vw, 1024px\" \/><figcaption class=\"wp-element-caption\">Jeg t\u00e6nker at de her huse har haft nogle flotte facader en gang<\/figcaption><\/figure>\n<\/figure>\n\n\n\n<p>Jeg t\u00e6nker p\u00e5 alle de gange hvor en lastbilchauff\u00f8r ruller vinduet ned og vinker til mig Og gammelmor smiler et tandl\u00f8st smil og g\u00f8r korsets tegn. Eller ham der stopper gr\u00e6ssl\u00e5maskinen og vinker og \u00f8nsker mig en Bon Camino. Jeg bliver simpelthen s\u00e5 glad og varm indeni. Jeg har selvf\u00f8lgelig oplevet det mange gange f\u00f8r, men det bliver ved med at v\u00e6re lige dejligt.<\/p>\n\n\n\n<figure class=\"wp-block-image size-full\"><img loading=\"lazy\" decoding=\"async\" width=\"1024\" height=\"768\" src=\"https:\/\/jettescamino.dk\/wp-content\/uploads\/2023\/04\/2022-09-16-IMG_2386.jpg\" alt=\"\" class=\"wp-image-5488\" srcset=\"https:\/\/jettescamino.dk\/wp-content\/uploads\/2023\/04\/2022-09-16-IMG_2386.jpg 1024w, https:\/\/jettescamino.dk\/wp-content\/uploads\/2023\/04\/2022-09-16-IMG_2386-300x225.jpg 300w, https:\/\/jettescamino.dk\/wp-content\/uploads\/2023\/04\/2022-09-16-IMG_2386-768x576.jpg 768w\" sizes=\"auto, (max-width: 1024px) 100vw, 1024px\" \/><\/figure>\n\n\n\n<p>Jeg kan heller ikke rigtig komme mig over de mange gange jeg f\u00f8ler trang til at sige tak. Tak for din hilsen, tak for den mad du servere for mig, tak for din vejvisning, tak for at du holder tilbage for mig s\u00e5 jeg kan komme over vejen og tak for at du sp\u00f8rger hvordan jeg har det. Tak, tak, tak. M\u00e5ske man skulle v\u00e6re lidt mere opm\u00e6rksom p\u00e5 at sige tak, n\u00e5r man kommer hjem igen.<\/p>\n\n\n\n<div class=\"wp-block-columns is-layout-flex wp-container-core-columns-is-layout-9d6595d7 wp-block-columns-is-layout-flex\">\n<div class=\"wp-block-column is-layout-flow wp-block-column-is-layout-flow\">\n<figure class=\"wp-block-image size-full\"><img loading=\"lazy\" decoding=\"async\" width=\"768\" height=\"1024\" src=\"https:\/\/jettescamino.dk\/wp-content\/uploads\/2023\/04\/2022-08-26-IMG_2398-rotated.jpg\" alt=\"\" class=\"wp-image-5561\" srcset=\"https:\/\/jettescamino.dk\/wp-content\/uploads\/2023\/04\/2022-08-26-IMG_2398-rotated.jpg 768w, https:\/\/jettescamino.dk\/wp-content\/uploads\/2023\/04\/2022-08-26-IMG_2398-225x300.jpg 225w\" sizes=\"auto, (max-width: 768px) 100vw, 768px\" \/><figcaption class=\"wp-element-caption\"><em>Museet i  Pontedeume, hvor man tilmelder sig til alberget<\/em><\/figcaption><\/figure>\n<\/div>\n<\/div>\n\n\n\n<p><\/p>\n\n\n\n<figure class=\"wp-block-gallery has-nested-images columns-default is-cropped wp-block-gallery-4 is-layout-flex wp-block-gallery-is-layout-flex\">\n<figure class=\"wp-block-image size-large\"><img loading=\"lazy\" decoding=\"async\" width=\"768\" height=\"1024\" data-id=\"5492\" src=\"https:\/\/jettescamino.dk\/wp-content\/uploads\/2023\/04\/2022-09-16-IMG_2405-rotated.jpg\" alt=\"\" class=\"wp-image-5492\" srcset=\"https:\/\/jettescamino.dk\/wp-content\/uploads\/2023\/04\/2022-09-16-IMG_2405-rotated.jpg 768w, https:\/\/jettescamino.dk\/wp-content\/uploads\/2023\/04\/2022-09-16-IMG_2405-225x300.jpg 225w\" sizes=\"auto, (max-width: 768px) 100vw, 768px\" \/><figcaption class=\"wp-element-caption\"><em>Jeg bor p\u00e5 det kommunale alberge. Det er indgangen med b\u00e6nken<\/em><\/figcaption><\/figure>\n\n\n\n<figure class=\"wp-block-image size-large\"><img loading=\"lazy\" decoding=\"async\" width=\"1024\" height=\"768\" data-id=\"5493\" src=\"https:\/\/jettescamino.dk\/wp-content\/uploads\/2023\/04\/2022-09-16-IMG_2411.jpg\" alt=\"\" class=\"wp-image-5493\" srcset=\"https:\/\/jettescamino.dk\/wp-content\/uploads\/2023\/04\/2022-09-16-IMG_2411.jpg 1024w, https:\/\/jettescamino.dk\/wp-content\/uploads\/2023\/04\/2022-09-16-IMG_2411-300x225.jpg 300w, https:\/\/jettescamino.dk\/wp-content\/uploads\/2023\/04\/2022-09-16-IMG_2411-768x576.jpg 768w\" sizes=\"auto, (max-width: 1024px) 100vw, 1024px\" \/><figcaption class=\"wp-element-caption\">Og jeg har underetagen for mig selv. Det g\u00f8r ikke noget<\/figcaption><\/figure>\n<\/figure>\n\n\n\n<p>Overnatning her koster 5 euro.  Det er s\u00e5 heller ikke meget mere v\u00e6rd. 2 unge italienere og Sebastian gik videre da de s\u00e5 alberget. Men skidt. Nu sidder jeg og drikker en \u00f8l og spiser chips, mens jeg ser p\u00e5 at vasket\u00f8jet t\u00f8rrer. Jeg har ikke travlt. Der er dage nok at tage af for mig. De fleste andre p\u00e5 ruten har kun afsat en uge. Jeg har tre.<\/p>\n\n\n\n<p>Mit st\u00f8rste problem i dag er at finde et sted at spise til aften. Der er steder nok men ingen \u00e5bner k\u00f8kkenet f\u00f8r mellem 2000-2100. Og jeg er s\u00e5 sulten. Der er intet k\u00f8kken i alberget, s\u00e5 jeg er henvist til at g\u00e5 ud og spise. Og jeg m\u00e5 tilst\u00e5 at n\u00e5r jeg er i Spanien er pizza og burger udelukket.<\/p>\n\n\n\n<p>Endelig, efter at have g\u00e5et byen rundt 3 gange ser det ud til at der sker noget. Min 2. prioritet, Restaurant Luis, \u00e5bner. Og jeg bestiller mixet salat og en af mine yndlingsretter Caldo Galligo (k\u00e5lsuppe &#8211; jeg elsker det).<\/p>\n\n\n\n<figure class=\"wp-block-gallery has-nested-images columns-default is-cropped wp-block-gallery-5 is-layout-flex wp-block-gallery-is-layout-flex\">\n<figure class=\"wp-block-image size-large\"><img loading=\"lazy\" decoding=\"async\" width=\"768\" height=\"1024\" data-id=\"5494\" src=\"https:\/\/jettescamino.dk\/wp-content\/uploads\/2023\/04\/2022-09-16-IMG_2413-rotated.jpg\" alt=\"\" class=\"wp-image-5494\" srcset=\"https:\/\/jettescamino.dk\/wp-content\/uploads\/2023\/04\/2022-09-16-IMG_2413-rotated.jpg 768w, https:\/\/jettescamino.dk\/wp-content\/uploads\/2023\/04\/2022-09-16-IMG_2413-225x300.jpg 225w\" sizes=\"auto, (max-width: 768px) 100vw, 768px\" \/><\/figure>\n\n\n\n<figure class=\"wp-block-image size-large\"><img loading=\"lazy\" decoding=\"async\" width=\"768\" height=\"1024\" data-id=\"5495\" src=\"https:\/\/jettescamino.dk\/wp-content\/uploads\/2023\/04\/2022-09-16-IMG_2414-rotated.jpg\" alt=\"\" class=\"wp-image-5495\" srcset=\"https:\/\/jettescamino.dk\/wp-content\/uploads\/2023\/04\/2022-09-16-IMG_2414-rotated.jpg 768w, https:\/\/jettescamino.dk\/wp-content\/uploads\/2023\/04\/2022-09-16-IMG_2414-225x300.jpg 225w\" sizes=\"auto, (max-width: 768px) 100vw, 768px\" \/><\/figure>\n<\/figure>\n\n\n\n<p>Derefter kan jeg g\u00e5 tilbage og krybe til k\u00f8js, selvom der er meget uro omkring alberget. Der er unge mennesker der holder fest lige i n\u00e6rheden. Alle de spanske pilgrimme styrter forvirret og forarget rundt over larmen og skal ud og kikke. De t\u00e6nker ikke p\u00e5 at de faktisk skaber meget mere uro. Men jeg har ikke problemer med at sove.<\/p>\n\n\n\n<p class=\"has-medium-font-size\"><strong>27\/08 Pontedeume-Betanzos 25 km<\/strong><\/p>\n\n\n\n<figure class=\"wp-block-image size-full\"><img loading=\"lazy\" decoding=\"async\" width=\"1024\" height=\"768\" src=\"https:\/\/jettescamino.dk\/wp-content\/uploads\/2023\/04\/2022-08-27-IMG_2415.jpg\" alt=\"\" class=\"wp-image-5507\" srcset=\"https:\/\/jettescamino.dk\/wp-content\/uploads\/2023\/04\/2022-08-27-IMG_2415.jpg 1024w, https:\/\/jettescamino.dk\/wp-content\/uploads\/2023\/04\/2022-08-27-IMG_2415-300x225.jpg 300w, https:\/\/jettescamino.dk\/wp-content\/uploads\/2023\/04\/2022-08-27-IMG_2415-768x576.jpg 768w\" sizes=\"auto, (max-width: 1024px) 100vw, 1024px\" \/><\/figure>\n\n\n\n<p>Sikken dag. Det startede ellers godt nok med kaffe p\u00e5 torvet sammen med de unge mennesker der havde festet hele natten. Godt p\u00e5 vej op gennem byen kommer jeg i tanke om at jeg ikke fik betalt. S\u00e5 jeg m\u00e5 tilbage igen. Jeg f\u00e5r megen tak. Men jeg forst\u00e5r heller ikke hvorfor de ikke opkr\u00e6ver betaling med det samme.<\/p>\n\n\n\n<p>Der er en voldsom stigning op gennem byen og ogs\u00e5 udenfor byen. Vejret er dejligt, men det er blevet meget varmt.<\/p>\n\n\n\n<figure class=\"wp-block-image size-full\"><img loading=\"lazy\" decoding=\"async\" width=\"1024\" height=\"768\" src=\"https:\/\/jettescamino.dk\/wp-content\/uploads\/2023\/04\/2022-08-27-IMG_2421.jpg\" alt=\"\" class=\"wp-image-5508\" srcset=\"https:\/\/jettescamino.dk\/wp-content\/uploads\/2023\/04\/2022-08-27-IMG_2421.jpg 1024w, https:\/\/jettescamino.dk\/wp-content\/uploads\/2023\/04\/2022-08-27-IMG_2421-300x225.jpg 300w, https:\/\/jettescamino.dk\/wp-content\/uploads\/2023\/04\/2022-08-27-IMG_2421-768x576.jpg 768w\" sizes=\"auto, (max-width: 1024px) 100vw, 1024px\" \/><figcaption class=\"wp-element-caption\"><em>Skyggen af en pilgrim<\/em><\/figcaption><\/figure>\n\n\n\n<figure class=\"wp-block-image size-full\"><img loading=\"lazy\" decoding=\"async\" width=\"1024\" height=\"768\" src=\"https:\/\/jettescamino.dk\/wp-content\/uploads\/2023\/04\/2022-08-27-IMG_2427.jpg\" alt=\"\" class=\"wp-image-5511\" srcset=\"https:\/\/jettescamino.dk\/wp-content\/uploads\/2023\/04\/2022-08-27-IMG_2427.jpg 1024w, https:\/\/jettescamino.dk\/wp-content\/uploads\/2023\/04\/2022-08-27-IMG_2427-300x225.jpg 300w, https:\/\/jettescamino.dk\/wp-content\/uploads\/2023\/04\/2022-08-27-IMG_2427-768x576.jpg 768w\" sizes=\"auto, (max-width: 1024px) 100vw, 1024px\" \/><figcaption class=\"wp-element-caption\"><em>12 italienere. S\u00e5 f\u00f8ler man sig meget alene<\/em><\/figcaption><\/figure>\n\n\n\n<p>Der er rigtig mange italienere p\u00e5 ruten. De hilser, men jeg kan ikke snakke med dem. <\/p>\n\n\n\n<figure class=\"wp-block-image size-full\"><img loading=\"lazy\" decoding=\"async\" width=\"1024\" height=\"768\" src=\"https:\/\/jettescamino.dk\/wp-content\/uploads\/2023\/04\/2022-08-27-IMG_2422.jpg\" alt=\"\" class=\"wp-image-5509\" srcset=\"https:\/\/jettescamino.dk\/wp-content\/uploads\/2023\/04\/2022-08-27-IMG_2422.jpg 1024w, https:\/\/jettescamino.dk\/wp-content\/uploads\/2023\/04\/2022-08-27-IMG_2422-300x225.jpg 300w, https:\/\/jettescamino.dk\/wp-content\/uploads\/2023\/04\/2022-08-27-IMG_2422-768x576.jpg 768w\" sizes=\"auto, (max-width: 1024px) 100vw, 1024px\" \/><figcaption class=\"wp-element-caption\"><em>F\u00f8ler mig mere som det her. En gammel ruin som kun er holdt sammen af gamle udg\u00e5ede v\u00e6kster.<\/em><\/figcaption><\/figure>\n\n\n\n<figure class=\"wp-block-image size-large\"><img loading=\"lazy\" decoding=\"async\" width=\"1024\" height=\"768\" src=\"https:\/\/jettescamino.dk\/wp-content\/uploads\/2022\/10\/IMG_2425-1024x768.jpg\" alt=\"\" class=\"wp-image-4413\"\/><figcaption class=\"wp-element-caption\"><em>Den her hund stod n\u00e6sten oven p\u00e5 mine f\u00f8dder, inden den opdagede mig. Den sagde ikke en lyd, Snurrede rundt og dr\u00f8nede ind i haven og op p\u00e5 mure. Og s\u00e5 turde den g\u00f8 ad mig.<\/em><\/figcaption><\/figure>\n\n\n\n<p>Der har v\u00e6ret et par gode stop undervejs i dag, hvor det var muligt at k\u00f8be forplejning. Der er \u00e5benbart mange spaniere der har fundet ud af at det er en god forretning.<\/p>\n\n\n\n<figure class=\"wp-block-image size-large\"><img loading=\"lazy\" decoding=\"async\" width=\"1024\" height=\"768\" src=\"https:\/\/jettescamino.dk\/wp-content\/uploads\/2022\/10\/IMG_2434-1024x768.jpg\" alt=\"\" class=\"wp-image-4414\"\/><\/figure>\n\n\n\n<p>Det er stegende hedt i dag og jeg er fuldst\u00e6ndig udmattet, da jeg ankommer til alberget i Betanzos. Og det tar en evighed at tjekke ind. V\u00e6rten har s\u00e5 meget hun skal fort\u00e6lle, men jeg forst\u00e5r ikke noget. S\u00e5 hun taster tekst ind p\u00e5 sin telefon, overs\u00e6tter til engelsk og s\u00e5 forst\u00e5r jeg. Hun brugte en app som taxachauff\u00f8ren ogs\u00e5 brugte i onsdags da jeg kom til La Cor\u00fana, hvor han var meget interesseret i hvad jeg skulle i Spanien, kun med en rygs\u00e6k.<\/p>\n\n\n\n<p>Men det v\u00e6rten skrev til mig var det s\u00e6dvanlige med at man skal s\u00e6tte sine st\u00f8vler udenfor i reolen, at alberget er afl\u00e5st fra 2200 til 800 osv. Og ikke mindst at \u201dtomorrow in mist there are 20 places\u201d. Der gik lige lidt tid inden jeg forstod det sidste hun skrev. Men meningen var at der i alberget i dag var 35 pladser + de andre overnatningsmuligheder der var i byen og i \u201dmist\u201d eller Bruma var der kun 20 pladser. Jeg var nummer 22 der tjekkede ind i alberget i Betanzos og jeg er ikke verdens hurtigste. Jeg har i flere dage h\u00f8rt at pilgrimme reserverer pladser p\u00e5 ruten, s\u00e5 pludselig g\u00e5r alvoren op for mig. <br>Men det er ikke den m\u00e5de jeg vil v\u00e6re pilgrim p\u00e5. S\u00e5 jeg ignorerer det f\u00f8rst.<\/p>\n\n\n\n<p>Da jeg kommer op p\u00e5 sovesalen, er jeg ret udmattet. Der er kun overk\u00f8jer tilbage. Jeg begynder at rede op da der kommer en rigtig s\u00f8d pige hen og sp\u00f8rger om jeg helst vil have en underk\u00f8je, s\u00e5 vil hun gerne bytte.<br>Jeg m\u00e5 nok indr\u00f8mme at jeg er alderspr\u00e6sidenten her i alberget.<\/p>\n\n\n\n<p>Jeg bliver s\u00e5 glad og taknemmelig for hendes tilbud s\u00e5 jeg n\u00e6sen ikke kan rumme det og jeg kan slet ikke stoppe med at sige tak. G\u00e5r i bad og bliver ret d\u00e5rlig, jeg f\u00f8ler n\u00e6sten at jeg er ved at f\u00e5 gulvet i hovedet, da jeg st\u00e5r under bruseren. S\u00e5dan har jeg aldrig pr\u00f8vet det f\u00f8r. Har jeg ikke f\u00e5et v\u00e6ske nok? eller hvad er der galt? Jeg sejler fuldst\u00e6ndig, der er meget ubehageligt.<\/p>\n\n\n\n<div class=\"wp-block-columns is-layout-flex wp-container-core-columns-is-layout-9d6595d7 wp-block-columns-is-layout-flex\">\n<div class=\"wp-block-column is-layout-flow wp-block-column-is-layout-flow\">\n<figure class=\"wp-block-image size-full\"><img loading=\"lazy\" decoding=\"async\" width=\"768\" height=\"1024\" src=\"https:\/\/jettescamino.dk\/wp-content\/uploads\/2023\/04\/2022-08-27-IMG_2433-rotated.jpg\" alt=\"\" class=\"wp-image-5513\" srcset=\"https:\/\/jettescamino.dk\/wp-content\/uploads\/2023\/04\/2022-08-27-IMG_2433-rotated.jpg 768w, https:\/\/jettescamino.dk\/wp-content\/uploads\/2023\/04\/2022-08-27-IMG_2433-225x300.jpg 225w\" sizes=\"auto, (max-width: 768px) 100vw, 768px\" \/><\/figure>\n<\/div>\n\n\n\n<div class=\"wp-block-column is-layout-flow wp-block-column-is-layout-flow\">\n<p>Jeg skal virkelig tage mig sammen, for at f\u00e5 vasket mit t\u00f8j og smidt det i en t\u00f8rretumbler. Jeg er glad for at jeg kan tilbyde 30min t\u00f8rretid til min redningskvinde og hendes venner. De er meget taknemmelige.<\/p>\n\n\n\n<p>Men s\u00e5 er det f\u00f8rst at problemerne virkelig opst\u00e5r. Jeg fors\u00f8gte at ringe til mor, men mine h\u00f8reapparater driller helt vildt. Jeg kan ikke kommunikere p\u00e5 min tlf.&nbsp; Det er noget rigtig lort, rent ud sagt.<\/p>\n\n\n\n<p>Jeg er n\u00f8dsaget til at finde overnatning til i morgen, men jeg kan ikke ringe til nogen. Eller rettere sagt. Jeg f\u00e5r ringet til en pension efter Bruma og fors\u00f8ger at reservere et v\u00e6relse, men jeg kan ikke h\u00f8re hvad de svarer.<\/p>\n\n\n\n<p>Jeg m\u00e5 l\u00f8be ind til v\u00e6rten og give hende min telefon s\u00e5 hun kan f\u00e6rdigg\u00f8re samtalen. S\u00e5 jeg kommer til at betale 44euro for et dobbeltv\u00e6relse. <\/p>\n\n\n\n<p>Men hovedsagen er, at jeg ogs\u00e5 i morgen har en seng at sove i. HURRA<\/p>\n<\/div>\n<\/div>\n\n\n\n<p><\/p>\n\n\n\n<p>Det er s\u00e5dan en udfordring der h\u00f8rer med til at v\u00e6re en pilgrim. (I mine \u00f8jne alts\u00e5). Jeg har set busser der k\u00f8rer rundt med folk p\u00e5 arrangerede Caminoture, hvor de nok ikke g\u00e5r ret meget. Og mange af dem jeg har set p\u00e5 ruten i dag g\u00e5r rundt med en lille skuldertaske eller en dagsrygs\u00e6k og er if\u00f8rt sneakers eller sandaler. Og deres bagage bliver k\u00f8rt fra sted til sted som er reserveret p\u00e5 forh\u00e5nd. <\/p>\n\n\n\n<figure class=\"wp-block-image size-full\"><img loading=\"lazy\" decoding=\"async\" width=\"1024\" height=\"768\" src=\"https:\/\/jettescamino.dk\/wp-content\/uploads\/2023\/04\/2022-08-27-IMG_2431.jpg\" alt=\"\" class=\"wp-image-5512\" srcset=\"https:\/\/jettescamino.dk\/wp-content\/uploads\/2023\/04\/2022-08-27-IMG_2431.jpg 1024w, https:\/\/jettescamino.dk\/wp-content\/uploads\/2023\/04\/2022-08-27-IMG_2431-300x225.jpg 300w, https:\/\/jettescamino.dk\/wp-content\/uploads\/2023\/04\/2022-08-27-IMG_2431-768x576.jpg 768w\" sizes=\"auto, (max-width: 1024px) 100vw, 1024px\" \/><figcaption class=\"wp-element-caption\"><em>Det er ikke helt det jeg forbinder med at g\u00e5 caminoen<\/em><\/figcaption><\/figure>\n\n\n\n<p>Det er kun p\u00e5 de kommunale alberger, at man ikke kan bestille plads i forvejen. Min v\u00e6relsereservation bliver fejret med en stor portion is. <\/p>\n\n\n\n<figure class=\"wp-block-image size-full\"><img loading=\"lazy\" decoding=\"async\" width=\"1024\" height=\"768\" src=\"https:\/\/jettescamino.dk\/wp-content\/uploads\/2023\/04\/2022-08-27-IMG_2451.jpg\" alt=\"\" class=\"wp-image-5515\" srcset=\"https:\/\/jettescamino.dk\/wp-content\/uploads\/2023\/04\/2022-08-27-IMG_2451.jpg 1024w, https:\/\/jettescamino.dk\/wp-content\/uploads\/2023\/04\/2022-08-27-IMG_2451-300x225.jpg 300w, https:\/\/jettescamino.dk\/wp-content\/uploads\/2023\/04\/2022-08-27-IMG_2451-768x576.jpg 768w\" sizes=\"auto, (max-width: 1024px) 100vw, 1024px\" \/><\/figure>\n\n\n\n<figure class=\"wp-block-image size-full\"><img loading=\"lazy\" decoding=\"async\" width=\"1024\" height=\"768\" src=\"https:\/\/jettescamino.dk\/wp-content\/uploads\/2023\/04\/2022-08-27-IMG_2452.jpg\" alt=\"\" class=\"wp-image-5516\" srcset=\"https:\/\/jettescamino.dk\/wp-content\/uploads\/2023\/04\/2022-08-27-IMG_2452.jpg 1024w, https:\/\/jettescamino.dk\/wp-content\/uploads\/2023\/04\/2022-08-27-IMG_2452-300x225.jpg 300w, https:\/\/jettescamino.dk\/wp-content\/uploads\/2023\/04\/2022-08-27-IMG_2452-768x576.jpg 768w\" sizes=\"auto, (max-width: 1024px) 100vw, 1024px\" \/><\/figure>\n\n\n\n<p>Jeg f\u00e5r handlet ind til aftensmad og til i morgen, men da jeg kommer tilbage til alberget og unders\u00f8ger det fine nye k\u00f8kken, er alle skabe og skuffer tomme. S\u00e5 der blev ikke lavet meget mad, men jeg fik dog stillet den v\u00e6rste sult.<\/p>\n\n\n\n<p>S\u00e5 i morgen er det tidligt op og i gang. Forbi Bruma og til Meson de Vento og pension Novu<\/p>\n\n\n\n<p class=\"has-medium-font-size\"><strong>28\/08 Betanzos- Meson de Vento 28 km<\/strong><\/p>\n\n\n\n<figure class=\"wp-block-gallery has-nested-images columns-default is-cropped wp-block-gallery-6 is-layout-flex wp-block-gallery-is-layout-flex\">\n<figure class=\"wp-block-image size-large\"><img loading=\"lazy\" decoding=\"async\" width=\"1024\" height=\"768\" data-id=\"5531\" src=\"https:\/\/jettescamino.dk\/wp-content\/uploads\/2023\/04\/2022-08-28-IMG_2459.jpg\" alt=\"\" class=\"wp-image-5531\" srcset=\"https:\/\/jettescamino.dk\/wp-content\/uploads\/2023\/04\/2022-08-28-IMG_2459.jpg 1024w, https:\/\/jettescamino.dk\/wp-content\/uploads\/2023\/04\/2022-08-28-IMG_2459-300x225.jpg 300w, https:\/\/jettescamino.dk\/wp-content\/uploads\/2023\/04\/2022-08-28-IMG_2459-768x576.jpg 768w\" sizes=\"auto, (max-width: 1024px) 100vw, 1024px\" \/><\/figure>\n\n\n\n<figure class=\"wp-block-image size-large\"><img loading=\"lazy\" decoding=\"async\" width=\"768\" height=\"1024\" data-id=\"5563\" src=\"https:\/\/jettescamino.dk\/wp-content\/uploads\/2023\/04\/2022-08-28-IMG_2460-rotated.jpg\" alt=\"\" class=\"wp-image-5563\" srcset=\"https:\/\/jettescamino.dk\/wp-content\/uploads\/2023\/04\/2022-08-28-IMG_2460-rotated.jpg 768w, https:\/\/jettescamino.dk\/wp-content\/uploads\/2023\/04\/2022-08-28-IMG_2460-225x300.jpg 225w\" sizes=\"auto, (max-width: 768px) 100vw, 768px\" \/><\/figure>\n<\/figure>\n\n\n\n<p>Stod op kl. 600. Og efter en gang lunken yoghurt og lidt br\u00f8d, forlod jeg alberget og den smukke by som havde festet hele natten. Hvad er det med Galicien i aug-sep. De kan hele tiden finde en undskyldning for at feste. I g\u00e5r var det s\u00e6kkepibemusik og folkedans. Jeg h\u00f8rte det p\u00e5 afstand, men sov alligevel fra det hele.<\/p>\n\n\n\n<figure class=\"wp-block-image size-full\"><img loading=\"lazy\" decoding=\"async\" width=\"1024\" height=\"768\" src=\"https:\/\/jettescamino.dk\/wp-content\/uploads\/2023\/04\/2022-08-28-IMG_2465.jpg\" alt=\"\" class=\"wp-image-5533\" srcset=\"https:\/\/jettescamino.dk\/wp-content\/uploads\/2023\/04\/2022-08-28-IMG_2465.jpg 1024w, https:\/\/jettescamino.dk\/wp-content\/uploads\/2023\/04\/2022-08-28-IMG_2465-300x225.jpg 300w, https:\/\/jettescamino.dk\/wp-content\/uploads\/2023\/04\/2022-08-28-IMG_2465-768x576.jpg 768w\" sizes=\"auto, (max-width: 1024px) 100vw, 1024px\" \/><\/figure>\n\n\n\n<p>I dag har jeg lovet mig selv at jeg skal indtage et eller anden fornuftigt hver gang jeg har mulighed for det:<\/p>\n\n\n\n<ul class=\"wp-block-list\">\n<li>1. stop: Cafe con leche (kaffe med m\u00e6lk) og Margaritakage + 1 stempel<\/li>\n\n\n\n<li>2. stop Cola, Cafe con leche en appelsin + 1 stempel<\/li>\n\n\n\n<li>3. stop Cola og&nbsp;Bocadillio<\/li>\n\n\n\n<li>4. stop Vand, Padron +1 stempel<\/li>\n<\/ul>\n\n\n\n<p>Det hjalp betydeligt p\u00e5 mit velbefindende. <br>Jeg hader Magaritakage og normalt drikker jeg aldrig cola. Men her var det virkelig med til at styrke energiniveauet. Padron (grillede gr\u00f8nne peber med salt) elsker jeg til geng\u00e6ld og kunne spise dem hver dag.<\/p>\n\n\n\n<figure class=\"wp-block-image size-full\"><img loading=\"lazy\" decoding=\"async\" width=\"1024\" height=\"768\" src=\"https:\/\/jettescamino.dk\/wp-content\/uploads\/2023\/04\/2022-08-28-IMG_2469.jpg\" alt=\"\" class=\"wp-image-5534\" srcset=\"https:\/\/jettescamino.dk\/wp-content\/uploads\/2023\/04\/2022-08-28-IMG_2469.jpg 1024w, https:\/\/jettescamino.dk\/wp-content\/uploads\/2023\/04\/2022-08-28-IMG_2469-300x225.jpg 300w, https:\/\/jettescamino.dk\/wp-content\/uploads\/2023\/04\/2022-08-28-IMG_2469-768x576.jpg 768w\" sizes=\"auto, (max-width: 1024px) 100vw, 1024px\" \/><\/figure>\n\n\n\n<p>Snakkede med en flink holl\u00e6nder da jeg spiste frokost. Han skulle ogs\u00e5 g\u00e5 til Meson de Vento. Men han tar direkte til Santiago i morgen og rejser hjem. Han havde g\u00e5et Den Franske og havde et par ekstra dage til overs, s\u00e5 han gik noget af Den Engelske. Vi var enige om at denne rute var kedelig og der var alt for meget asfalt.<\/p>\n\n\n\n<div class=\"wp-block-columns is-layout-flex wp-container-core-columns-is-layout-9d6595d7 wp-block-columns-is-layout-flex\">\n<div class=\"wp-block-column is-layout-flow wp-block-column-is-layout-flow\">\n<figure class=\"wp-block-image size-full\"><img loading=\"lazy\" decoding=\"async\" width=\"768\" height=\"1024\" src=\"https:\/\/jettescamino.dk\/wp-content\/uploads\/2023\/04\/2022-08-28-IMG_2470-rotated.jpg\" alt=\"\" class=\"wp-image-5535\" srcset=\"https:\/\/jettescamino.dk\/wp-content\/uploads\/2023\/04\/2022-08-28-IMG_2470-rotated.jpg 768w, https:\/\/jettescamino.dk\/wp-content\/uploads\/2023\/04\/2022-08-28-IMG_2470-225x300.jpg 225w\" sizes=\"auto, (max-width: 768px) 100vw, 768px\" \/><\/figure>\n<\/div>\n\n\n\n<div class=\"wp-block-column is-layout-flow wp-block-column-is-layout-flow\">\n<p>P\u00e5 alle mine caminoer har jeg oplevet dette f\u00e6nomen. At pilgrimmene l\u00e6gger breve til andre pilgrimme. <\/p>\n\n\n\n<p>Her var det dog mest billeder og det forst\u00e5r jeg ikke helt, at nogen har gl\u00e6de af. Med mindre der st\u00e5r en lille hilsen til den der kan genkende personen.<\/p>\n<\/div>\n\n\n\n<div class=\"wp-block-column is-layout-flow wp-block-column-is-layout-flow\"><\/div>\n<\/div>\n\n\n\n<figure class=\"wp-block-image size-full\"><img loading=\"lazy\" decoding=\"async\" width=\"1024\" height=\"768\" src=\"https:\/\/jettescamino.dk\/wp-content\/uploads\/2023\/04\/2022-08-28-IMG_2478.jpg\" alt=\"\" class=\"wp-image-5536\" srcset=\"https:\/\/jettescamino.dk\/wp-content\/uploads\/2023\/04\/2022-08-28-IMG_2478.jpg 1024w, https:\/\/jettescamino.dk\/wp-content\/uploads\/2023\/04\/2022-08-28-IMG_2478-300x225.jpg 300w, https:\/\/jettescamino.dk\/wp-content\/uploads\/2023\/04\/2022-08-28-IMG_2478-768x576.jpg 768w\" sizes=\"auto, (max-width: 1024px) 100vw, 1024px\" \/><figcaption class=\"wp-element-caption\"><em>K\u00e6mpe v\u00e6relse i Pension Novu<\/em><\/figcaption><\/figure>\n\n\n\n<p>Overvejer lidt om jeg skulle tage en bus i morgen noget af vejen. Har unders\u00f8gt p\u00e5 Rom2Rio-app\u00e9n at der g\u00e5r en bus herfra i morgen kl. 1040, men jeg skal lige finde ud af hvor den g\u00e5r fra. Dagen i dag har v\u00e6ret lang og jeg er g\u00e5et fra 0 til 480m\u00b4s h\u00f8jde. Det er alligevel noget, n\u00e5r man har 10 kg p\u00e5 ryggen.<\/p>\n\n\n\n<p>G\u00e5r ned i byen og s\u00e6tte mig p\u00e5 en bar og drikker dejlig k\u00f8lig hvidvin, mens jeg betragter trafikken. Nu ved jeg hvor bussen g\u00e5r i morgen og nu skal jeg bare finde et sted at spise til aften.<\/p>\n\n\n\n<p>Den eneste mulighed er hotellet overfor pensionen. Bestiller en menu: Caldo Gallego, Brassed Beef og Appelcake. De to f\u00f8rste retter smagte af intet. M\u00e5ske havde salt hjulpet, men jeg tvivler. Restauranten er meget stor og akustikken er frygtelig. Der er 12 italienere der snakker i munden p\u00e5 hinanden. Det g\u00f8r de ogs\u00e5 ovre i pensionen, hvor de og jeg bor. De render ind og ud ved hinanden og sm\u00e6kker med d\u00f8rene og griner h\u00f8jt. Det lyder som om de har en fest. M\u00e5ske er jeg bare lidt misundelig.<\/p>\n\n\n\n<p>Der sidder ogs\u00e5 et mindre selskab i den anden ende, 2 tyske kvinder og en amerikaner.<\/p>\n\n\n\n<p>Der har i \u00f8vrigt v\u00e6ret festival i en af de sidste byer jeg gik igennem i dag. F\u00f8rst troede jeg det var et jagtselskab, men da jeg kom n\u00e6rmere, fandt jeg ud af det var fyrv\u00e6rkeri. Kanonslag og raketter i voldsomme m\u00e6ngder blev fyret af ved h\u00f8jlys dag. Det f\u00f8ltes som en krigszone.<\/p>\n\n\n\n<p class=\"has-medium-font-size\"><strong>29\/08 Meson de Vento-Sigueiro 28 km<\/strong><\/p>\n\n\n\n<p>I dag blev den absolutte m\u00f8jdag. Lod Italienerne g\u00e5 f\u00f8r mig. Jeg ville jo alligevel bare g\u00e5 ned og tage bussen. Drikker morgenkaffe og g\u00e5r ned mod busholdepladsen. Men s\u00e5 t\u00e6nker jeg at det virkeligt er for \u00e5ndsvagt det her. Bussen kommer f\u00f8rst om 2,5time. Skal jeg sidde og vente p\u00e5 den, for at spare 7-8km? Nej jeg vender om og g\u00e5r tilbage til ruten. Det er jo ogs\u00e5 en nem vej i dag. Og lige nu har jeg det jo meget godt. M\u00f8der hurtigt en anden pilgrim, som viser sig at v\u00e6re den amerikanske kvinde fra i g\u00e5r. Hun snakker meget, men er meget s\u00f8d og munter. Og det er dejligt endelig at snakke med en man kan forst\u00e5.<\/p>\n\n\n\n<figure class=\"wp-block-gallery has-nested-images columns-default is-cropped wp-block-gallery-7 is-layout-flex wp-block-gallery-is-layout-flex\">\n<figure class=\"wp-block-image size-large\"><img loading=\"lazy\" decoding=\"async\" width=\"768\" height=\"1024\" data-id=\"5537\" src=\"https:\/\/jettescamino.dk\/wp-content\/uploads\/2023\/04\/2022-08-28-IMG_2479-rotated.jpg\" alt=\"\" class=\"wp-image-5537\" srcset=\"https:\/\/jettescamino.dk\/wp-content\/uploads\/2023\/04\/2022-08-28-IMG_2479-rotated.jpg 768w, https:\/\/jettescamino.dk\/wp-content\/uploads\/2023\/04\/2022-08-28-IMG_2479-225x300.jpg 225w\" sizes=\"auto, (max-width: 768px) 100vw, 768px\" \/><\/figure>\n\n\n\n<figure class=\"wp-block-image size-large\"><img loading=\"lazy\" decoding=\"async\" width=\"1024\" height=\"768\" data-id=\"5538\" src=\"https:\/\/jettescamino.dk\/wp-content\/uploads\/2023\/04\/2022-08-28-IMG_2480.jpg\" alt=\"\" class=\"wp-image-5538\" srcset=\"https:\/\/jettescamino.dk\/wp-content\/uploads\/2023\/04\/2022-08-28-IMG_2480.jpg 1024w, https:\/\/jettescamino.dk\/wp-content\/uploads\/2023\/04\/2022-08-28-IMG_2480-300x225.jpg 300w, https:\/\/jettescamino.dk\/wp-content\/uploads\/2023\/04\/2022-08-28-IMG_2480-768x576.jpg 768w\" sizes=\"auto, (max-width: 1024px) 100vw, 1024px\" \/><\/figure>\n\n\n\n<figure class=\"wp-block-image size-large\"><img loading=\"lazy\" decoding=\"async\" width=\"1024\" height=\"768\" data-id=\"5539\" src=\"https:\/\/jettescamino.dk\/wp-content\/uploads\/2023\/04\/2022-08-28-IMG_2481.jpg\" alt=\"\" class=\"wp-image-5539\" srcset=\"https:\/\/jettescamino.dk\/wp-content\/uploads\/2023\/04\/2022-08-28-IMG_2481.jpg 1024w, https:\/\/jettescamino.dk\/wp-content\/uploads\/2023\/04\/2022-08-28-IMG_2481-300x225.jpg 300w, https:\/\/jettescamino.dk\/wp-content\/uploads\/2023\/04\/2022-08-28-IMG_2481-768x576.jpg 768w\" sizes=\"auto, (max-width: 1024px) 100vw, 1024px\" \/><\/figure>\n<\/figure>\n\n\n\n<p>De to tyske kvinder st\u00f8det ogs\u00e5 til og de siger at jeg b\u00f8r bestiller overnatning. De anbefaler nogle private alberger. Jeg ringer rundt, men alt er optaget. Efterh\u00e5nden har jeg ringet til alle dem fra min guidebog, samt dem jeg har f\u00e5et anbefalet og dem jeg kan finde p\u00e5 nettet. Det er helt h\u00e5bl\u00f8st. Flere af de steder jeg ringer til tar de slet ikke telefonen. De to tyskere tilbyder at jeg m\u00e5 sove i revnen mellem dem, hvis jeg ikke finder noget og Fritzi tilbyder at jeg kan k\u00f8re med til hendes hotel, hvis alt andet mislykkes. Men jeg er simpelthen s\u00e5 rasende p\u00e5 mig selv. Alle har sagt at jeg er n\u00f8dsaget til at booke overnatning i forvejen, men jeg er s\u00e5 p\u2026st\u00e6dig at jeg n\u00e6gter at b\u00f8je mig for kendsgerningerne. Fritzi havde en app hvor man kunne se hvor der var ledige v\u00e6relser. Der er tre, men de er ogs\u00e5 alle fyldt op, da jeg ringer til dem. S\u00e5 er det hun foresl\u00e5r Booking.com. Hvor er jeg dog dum. Den bruger jeg jo hjemmefra og Kirsten og jeg brugte den i Portugal.<\/p>\n\n\n\n<div class=\"wp-block-columns is-layout-flex wp-container-core-columns-is-layout-9d6595d7 wp-block-columns-is-layout-flex\">\n<div class=\"wp-block-column is-layout-flow wp-block-column-is-layout-flow\">\n<figure class=\"wp-block-image size-full\"><img loading=\"lazy\" decoding=\"async\" width=\"768\" height=\"1024\" src=\"https:\/\/jettescamino.dk\/wp-content\/uploads\/2023\/04\/2022-08-28-IMG_2485-rotated.jpg\" alt=\"\" class=\"wp-image-5540\" srcset=\"https:\/\/jettescamino.dk\/wp-content\/uploads\/2023\/04\/2022-08-28-IMG_2485-rotated.jpg 768w, https:\/\/jettescamino.dk\/wp-content\/uploads\/2023\/04\/2022-08-28-IMG_2485-225x300.jpg 225w\" sizes=\"auto, (max-width: 768px) 100vw, 768px\" \/><\/figure>\n<\/div>\n\n\n\n<div class=\"wp-block-column is-layout-flow wp-block-column-is-layout-flow\">\n<p>Det lykkes mig at f\u00e5 et v\u00e6relse i en sk\u00f8n pension. Men selv om jeg er \u00e6rgerlig over at jeg skal tilbringe endnu en aften alene i mit eget selskab, s\u00e5 er jeg s\u00e5 tr\u00e6t, nok pga den meget sindsbev\u00e6gelse, at jeg ikke orker at g\u00e5 ud i byen og lede efter de andre.<\/p>\n\n\n\n<p>Og i morgen er der kun 16 km til Santiago. Men jeg m\u00e5 hellere booke overnatning i forvejen. Man har da heller ikke et \u00f8jebliks fred.<\/p>\n\n\n\n<p>F\u00e5r booket 4 dage i Santiago. Det bliver lidt dyrt. <\/p>\n\n\n\n<p>G\u00e5r i Dia og handler ind til aftensmad. I aften vil jeg spise p\u00e5 v\u00e6relset og g\u00e5 tidligt i seng.<\/p>\n<\/div>\n<\/div>\n\n\n\n<p><strong>30\/08 Sigueiro \u2013 Santiago 18 km<\/strong><\/p>\n\n\n\n<p>Efter en sk\u00f8n stille nat hvor jeg har sovet vidunderligt, stod jeg op kl 700 til den sk\u00f8nneste morgenmad i pensionen. Jeg havde g\u00e5et en time da der pludselig er en der kalder p\u00e5 mig. Lige et \u00f8jeblik t\u00e6nker jeg der er da ikke nogen her der kender mig. Men s\u00e5 er det Fritzi der kommer g\u00e5ende fra en sidevej. Fritzi er fra San Francisco. Det er hendes 1. camino og hun har haft et rejsebureau til at booke turen for hende. Overnatninger p\u00e5 hoteller med airecondition og wellness med massage. Og de har booket transport af hendes bagage. Hun har \u00e5benbart et godt kamera med, men ingen gang d\u00e9t b\u00e6rer hun rundt p\u00e5. Det ligger i kufferten sammen med hendes fine kjoler, for hun skal ikke b\u00e6re p\u00e5 noget. Hmmm det er ikke lige mig, men jeg er n\u00f8dsaget til at respektere at der er andre m\u00e5der at g\u00e5 caminoen p\u00e5 end min. Men hun er faktisk ok, for hun forstiller sig ikke og det betyder intet for hende med stempler og compostella.<\/p>\n\n\n\n<p>Jeg viser stolt og glad Santiago centrum frem. Katedralen og pilgrimskontoret Men Fritzi er naturligt nok mere interesseret i at finde sit hotel. S\u00e5 vi skilles efter at have udvekslet telefonnumre. <\/p>\n\n\n\n<p>Der er sket en del nyt i Santiago. P\u00e5 pilgrimskontoret hvor man ellers har skulle st\u00e5 i k\u00f8 en frygtelig lang tid, skal man nu scanne en qr-kode ved indgangen og selv l\u00e6gge sine oplysninger ind.&nbsp; <\/p>\n\n\n\n<p>S\u00e5 jeg kommer ret hurtigt indenfor og st\u00e5r i k\u00f8. Jeg snakker med en af de ansatte fra administrationen. Hun sp\u00f8rger ind til hvor jeg har g\u00e5et denne gang og hvordan min oplevelse af ruten har v\u00e6ret. Jeg er \u00e6rlig og fort\u00e6ller hende at det er den mest skuffende rute jeg har oplevet. Men som hun siger \u201dDu m\u00e5 nok indse at verden forandrer sig og det g\u00f8r folks m\u00e5de at g\u00e5 caminoen p\u00e5 ogs\u00e5. Hvad med at blive hj\u00e6lper i sted for. Du f\u00e5r stillet en lejlighed til r\u00e5dighed, men skal selv betale for kosten og du skal arbejde 6 timer om dagen&#8221;. Det skal jeg lige t\u00e6nke over.<\/p>\n\n\n\n<figure class=\"wp-block-gallery has-nested-images columns-default is-cropped wp-block-gallery-8 is-layout-flex wp-block-gallery-is-layout-flex\">\n<figure class=\"wp-block-image size-large\"><img loading=\"lazy\" decoding=\"async\" width=\"1024\" height=\"768\" data-id=\"5542\" src=\"https:\/\/jettescamino.dk\/wp-content\/uploads\/2023\/04\/2022-08-28-IMG_2494.jpg\" alt=\"\" class=\"wp-image-5542\" srcset=\"https:\/\/jettescamino.dk\/wp-content\/uploads\/2023\/04\/2022-08-28-IMG_2494.jpg 1024w, https:\/\/jettescamino.dk\/wp-content\/uploads\/2023\/04\/2022-08-28-IMG_2494-300x225.jpg 300w, https:\/\/jettescamino.dk\/wp-content\/uploads\/2023\/04\/2022-08-28-IMG_2494-768x576.jpg 768w\" sizes=\"auto, (max-width: 1024px) 100vw, 1024px\" \/><figcaption class=\"wp-element-caption\">Pilgrimskontoret<\/figcaption><\/figure>\n\n\n\n<figure class=\"wp-block-image size-large\"><img loading=\"lazy\" decoding=\"async\" width=\"768\" height=\"1024\" data-id=\"5567\" src=\"https:\/\/jettescamino.dk\/wp-content\/uploads\/2023\/04\/2022-08-29-IMG_2552-rotated.jpg\" alt=\"\" class=\"wp-image-5567\" srcset=\"https:\/\/jettescamino.dk\/wp-content\/uploads\/2023\/04\/2022-08-29-IMG_2552-rotated.jpg 768w, https:\/\/jettescamino.dk\/wp-content\/uploads\/2023\/04\/2022-08-29-IMG_2552-225x300.jpg 225w\" sizes=\"auto, (max-width: 768px) 100vw, 768px\" \/><figcaption class=\"wp-element-caption\">Henricam &#8211; mit latinske navn<\/figcaption><\/figure>\n<\/figure>\n\n\n\n<p>Jeg har booket en pension i tre n\u00e6tter og det er faktisk lidt sjovt. Det er den pension som Agnes og jeg boede i en enkelt nat i 2006. (Vi kaldte det for Bates hotel). Vi tilbragte en nat her hos en af de mest ul\u00e6kre m\u00e6nd jeg nogensinde har oplevet i Santiago. <\/p>\n\n\n\n<figure class=\"wp-block-gallery has-nested-images columns-default is-cropped wp-block-gallery-9 is-layout-flex wp-block-gallery-is-layout-flex\">\n<figure class=\"wp-block-image size-large\"><img loading=\"lazy\" decoding=\"async\" width=\"1024\" height=\"768\" data-id=\"5566\" src=\"https:\/\/jettescamino.dk\/wp-content\/uploads\/2023\/04\/2022-08-29-IMG_2497.jpg\" alt=\"\" class=\"wp-image-5566\" srcset=\"https:\/\/jettescamino.dk\/wp-content\/uploads\/2023\/04\/2022-08-29-IMG_2497.jpg 1024w, https:\/\/jettescamino.dk\/wp-content\/uploads\/2023\/04\/2022-08-29-IMG_2497-300x225.jpg 300w, https:\/\/jettescamino.dk\/wp-content\/uploads\/2023\/04\/2022-08-29-IMG_2497-768x576.jpg 768w\" sizes=\"auto, (max-width: 1024px) 100vw, 1024px\" \/><\/figure>\n\n\n\n<figure class=\"wp-block-image size-large\"><img loading=\"lazy\" decoding=\"async\" width=\"1024\" height=\"768\" data-id=\"5543\" src=\"https:\/\/jettescamino.dk\/wp-content\/uploads\/2023\/04\/2022-08-28-IMG_2496.jpg\" alt=\"\" class=\"wp-image-5543\" srcset=\"https:\/\/jettescamino.dk\/wp-content\/uploads\/2023\/04\/2022-08-28-IMG_2496.jpg 1024w, https:\/\/jettescamino.dk\/wp-content\/uploads\/2023\/04\/2022-08-28-IMG_2496-300x225.jpg 300w, https:\/\/jettescamino.dk\/wp-content\/uploads\/2023\/04\/2022-08-28-IMG_2496-768x576.jpg 768w\" sizes=\"auto, (max-width: 1024px) 100vw, 1024px\" \/><\/figure>\n<\/figure>\n\n\n\n<p>Nu er det nogle unge mennesker der har overtaget ejendommen og her er lyst og venligt og rigtig hyggeligt. Jeg har f\u00e5et et dejligt v\u00e6relse med bad p\u00e5 gangen. Lige nu er jeg p\u00e5 vaskeri. Da det ikke er muligt at vaske t\u00f8j i pensionen. &nbsp;<\/p>\n\n\n\n<p>&gt;<a href=\"https:\/\/jettescamino.dk\/?page_id=4320\">2. del 31. august \u2013 6. september<\/a><\/p>\n","protected":false},"excerpt":{"rendered":"<p>24\/08 En meget behagelig flyvetur. Skal skifte i Madrid og jeg er f\u00f8rst fremme i La Cor\u00fana kl 2100. Men det g\u00e5r nok, da jeg har booket et hotelv\u00e6relse og&hellip; <\/p>\n","protected":false},"author":1,"featured_media":0,"parent":4291,"menu_order":1,"comment_status":"closed","ping_status":"closed","template":"","meta":{"footnotes":""},"class_list":["post-4297","page","type-page","status-publish","hentry"],"_links":{"self":[{"href":"https:\/\/jettescamino.dk\/index.php?rest_route=\/wp\/v2\/pages\/4297","targetHints":{"allow":["GET"]}}],"collection":[{"href":"https:\/\/jettescamino.dk\/index.php?rest_route=\/wp\/v2\/pages"}],"about":[{"href":"https:\/\/jettescamino.dk\/index.php?rest_route=\/wp\/v2\/types\/page"}],"author":[{"embeddable":true,"href":"https:\/\/jettescamino.dk\/index.php?rest_route=\/wp\/v2\/users\/1"}],"replies":[{"embeddable":true,"href":"https:\/\/jettescamino.dk\/index.php?rest_route=%2Fwp%2Fv2%2Fcomments&post=4297"}],"version-history":[{"count":65,"href":"https:\/\/jettescamino.dk\/index.php?rest_route=\/wp\/v2\/pages\/4297\/revisions"}],"predecessor-version":[{"id":8142,"href":"https:\/\/jettescamino.dk\/index.php?rest_route=\/wp\/v2\/pages\/4297\/revisions\/8142"}],"up":[{"embeddable":true,"href":"https:\/\/jettescamino.dk\/index.php?rest_route=\/wp\/v2\/pages\/4291"}],"wp:attachment":[{"href":"https:\/\/jettescamino.dk\/index.php?rest_route=%2Fwp%2Fv2%2Fmedia&parent=4297"}],"curies":[{"name":"wp","href":"https:\/\/api.w.org\/{rel}","templated":true}]}}