{"id":4312,"date":"2022-10-16T13:57:49","date_gmt":"2022-10-16T13:57:49","guid":{"rendered":"https:\/\/jettescamino.dk\/?page_id=4312"},"modified":"2026-04-23T15:47:05","modified_gmt":"2026-04-23T15:47:05","slug":"finasterra-muxia","status":"publish","type":"page","link":"https:\/\/jettescamino.dk\/?page_id=4312","title":{"rendered":"3. del  7.september- 14.september"},"content":{"rendered":"\n<p class=\"has-medium-font-size\"><strong>07\/09<\/strong> <strong>Finasterra 13 km<\/strong><\/p>\n\n\n\n<p>I dag gik jeg ud til \u201dverdens ende\u201d ogs\u00e5 et vigtigt punkt p\u00e5 min rute.<\/p>\n\n\n\n<figure class=\"wp-block-image size-large\"><img loading=\"lazy\" decoding=\"async\" width=\"1024\" height=\"768\" src=\"https:\/\/jettescamino.dk\/wp-content\/uploads\/2022\/10\/2022-3-IMG_2722-1024x768.jpg\" alt=\"\" class=\"wp-image-4533\"\/><\/figure>\n\n\n\n<p>Spidsen af halv\u00f8en kaldes &#8220;Verdens ende&#8221;. Det var det sted man i gamle dage helt bogstaveligt troede at verden sluttede. <\/p>\n\n\n\n<figure class=\"wp-block-gallery has-nested-images columns-default is-cropped wp-block-gallery-1 is-layout-flex wp-block-gallery-is-layout-flex\">\n<figure class=\"wp-block-image size-large\"><img loading=\"lazy\" decoding=\"async\" width=\"768\" height=\"1024\" data-id=\"5633\" src=\"https:\/\/jettescamino.dk\/wp-content\/uploads\/2023\/05\/2022-9-7-IMG_2727-rotated.jpg\" alt=\"\" class=\"wp-image-5633\" srcset=\"https:\/\/jettescamino.dk\/wp-content\/uploads\/2023\/05\/2022-9-7-IMG_2727-rotated.jpg 768w, https:\/\/jettescamino.dk\/wp-content\/uploads\/2023\/05\/2022-9-7-IMG_2727-225x300.jpg 225w\" sizes=\"auto, (max-width: 768px) 100vw, 768px\" \/><\/figure>\n\n\n\n<figure class=\"wp-block-image size-large\"><img loading=\"lazy\" decoding=\"async\" width=\"1024\" height=\"768\" data-id=\"5634\" src=\"https:\/\/jettescamino.dk\/wp-content\/uploads\/2023\/05\/2022-9-7-IMG_2731.jpg\" alt=\"\" class=\"wp-image-5634\" srcset=\"https:\/\/jettescamino.dk\/wp-content\/uploads\/2023\/05\/2022-9-7-IMG_2731.jpg 1024w, https:\/\/jettescamino.dk\/wp-content\/uploads\/2023\/05\/2022-9-7-IMG_2731-300x225.jpg 300w, https:\/\/jettescamino.dk\/wp-content\/uploads\/2023\/05\/2022-9-7-IMG_2731-768x576.jpg 768w\" sizes=\"auto, (max-width: 1024px) 100vw, 1024px\" \/><figcaption class=\"wp-element-caption\">Fyrt\u00e5rnet ved &#8220;Verdens ende&#8221;<\/figcaption><\/figure>\n<\/figure>\n\n\n\n<figure class=\"wp-block-gallery has-nested-images columns-default is-cropped wp-block-gallery-2 is-layout-flex wp-block-gallery-is-layout-flex\">\n<figure class=\"wp-block-image size-large\"><img loading=\"lazy\" decoding=\"async\" width=\"1024\" height=\"768\" data-id=\"5635\" src=\"https:\/\/jettescamino.dk\/wp-content\/uploads\/2023\/05\/2022-9-7-IMG_2738.jpg\" alt=\"\" class=\"wp-image-5635\" srcset=\"https:\/\/jettescamino.dk\/wp-content\/uploads\/2023\/05\/2022-9-7-IMG_2738.jpg 1024w, https:\/\/jettescamino.dk\/wp-content\/uploads\/2023\/05\/2022-9-7-IMG_2738-300x225.jpg 300w, https:\/\/jettescamino.dk\/wp-content\/uploads\/2023\/05\/2022-9-7-IMG_2738-768x576.jpg 768w\" sizes=\"auto, (max-width: 1024px) 100vw, 1024px\" \/><\/figure>\n\n\n\n<figure class=\"wp-block-image size-large\"><img loading=\"lazy\" decoding=\"async\" width=\"1024\" height=\"768\" data-id=\"5636\" src=\"https:\/\/jettescamino.dk\/wp-content\/uploads\/2023\/05\/2022-9-7-IMG_2747.jpg\" alt=\"\" class=\"wp-image-5636\" srcset=\"https:\/\/jettescamino.dk\/wp-content\/uploads\/2023\/05\/2022-9-7-IMG_2747.jpg 1024w, https:\/\/jettescamino.dk\/wp-content\/uploads\/2023\/05\/2022-9-7-IMG_2747-300x225.jpg 300w, https:\/\/jettescamino.dk\/wp-content\/uploads\/2023\/05\/2022-9-7-IMG_2747-768x576.jpg 768w\" sizes=\"auto, (max-width: 1024px) 100vw, 1024px\" \/><\/figure>\n<\/figure>\n\n\n\n<p>Som noget nyt valgte jeg p\u00e5 tilbagevejen at bes\u00f8ge Monte San Giullerno. Jeg ved ikke helt hvad det er, men p\u00e5 skiltet ser det ud som om det er en eller anden helligdom\/kirke. Der var noget stigning p\u00e5 op gennem skoven, men meget forudseende havde jeg taget mine st\u00f8vler p\u00e5 i dag. Stien bugter sig op i zigzag og jeg t\u00e6nkter en del p\u00e5 om det mon er anstrengelserne v\u00e6rd. <\/p>\n\n\n\n<figure class=\"wp-block-gallery has-nested-images columns-default is-cropped wp-block-gallery-3 is-layout-flex wp-block-gallery-is-layout-flex\">\n<figure class=\"wp-block-image size-large\"><img loading=\"lazy\" decoding=\"async\" width=\"1024\" height=\"768\" data-id=\"5637\" src=\"https:\/\/jettescamino.dk\/wp-content\/uploads\/2023\/05\/2022-9-7-IMG_2753.jpg\" alt=\"\" class=\"wp-image-5637\" srcset=\"https:\/\/jettescamino.dk\/wp-content\/uploads\/2023\/05\/2022-9-7-IMG_2753.jpg 1024w, https:\/\/jettescamino.dk\/wp-content\/uploads\/2023\/05\/2022-9-7-IMG_2753-300x225.jpg 300w, https:\/\/jettescamino.dk\/wp-content\/uploads\/2023\/05\/2022-9-7-IMG_2753-768x576.jpg 768w\" sizes=\"auto, (max-width: 1024px) 100vw, 1024px\" \/><\/figure>\n\n\n\n<figure class=\"wp-block-image size-large\"><img loading=\"lazy\" decoding=\"async\" width=\"768\" height=\"1024\" data-id=\"5638\" src=\"https:\/\/jettescamino.dk\/wp-content\/uploads\/2023\/05\/2022-9-7-IMG_2754-rotated.jpg\" alt=\"\" class=\"wp-image-5638\" srcset=\"https:\/\/jettescamino.dk\/wp-content\/uploads\/2023\/05\/2022-9-7-IMG_2754-rotated.jpg 768w, https:\/\/jettescamino.dk\/wp-content\/uploads\/2023\/05\/2022-9-7-IMG_2754-225x300.jpg 225w\" sizes=\"auto, (max-width: 768px) 100vw, 768px\" \/><\/figure>\n<\/figure>\n\n\n\n<p>Ermita de San Guillerme ligger i 222 m h\u00f8jde. Det er sv\u00e6rt at vide hvad det har v\u00e6ret en gang. Men i dag fremst\u00e5r det mest som et stort granitmassiv med en hulning, som kan have v\u00e6ret benyttet som helligdom eller eremitbolig.Stedet er omkranset af en mur. Indvendigt er der et sten alter, der sikkert har bevarer den h\u00f8jde det m\u00e5 have haft oprindeligt. Der har muligvis v\u00e6ret en overd\u00e6kning da der er fundet spor efter et tag af buede orange fliser. Men det var nu ikke noget jeg var i stand til at observere.<\/p>\n\n\n\n<figure class=\"wp-block-gallery has-nested-images columns-default is-cropped wp-block-gallery-4 is-layout-flex wp-block-gallery-is-layout-flex\">\n<figure class=\"wp-block-image size-large\"><img loading=\"lazy\" decoding=\"async\" width=\"1024\" height=\"768\" data-id=\"5639\" src=\"https:\/\/jettescamino.dk\/wp-content\/uploads\/2023\/05\/2022-9-7-IMG_2762.jpg\" alt=\"\" class=\"wp-image-5639\" srcset=\"https:\/\/jettescamino.dk\/wp-content\/uploads\/2023\/05\/2022-9-7-IMG_2762.jpg 1024w, https:\/\/jettescamino.dk\/wp-content\/uploads\/2023\/05\/2022-9-7-IMG_2762-300x225.jpg 300w, https:\/\/jettescamino.dk\/wp-content\/uploads\/2023\/05\/2022-9-7-IMG_2762-768x576.jpg 768w\" sizes=\"auto, (max-width: 1024px) 100vw, 1024px\" \/><\/figure>\n\n\n\n<figure class=\"wp-block-image size-large\"><img loading=\"lazy\" decoding=\"async\" width=\"1024\" height=\"768\" data-id=\"5641\" src=\"https:\/\/jettescamino.dk\/wp-content\/uploads\/2023\/05\/2022-9-7-IMG_2765.jpg\" alt=\"\" class=\"wp-image-5641\" srcset=\"https:\/\/jettescamino.dk\/wp-content\/uploads\/2023\/05\/2022-9-7-IMG_2765.jpg 1024w, https:\/\/jettescamino.dk\/wp-content\/uploads\/2023\/05\/2022-9-7-IMG_2765-300x225.jpg 300w, https:\/\/jettescamino.dk\/wp-content\/uploads\/2023\/05\/2022-9-7-IMG_2765-768x576.jpg 768w\" sizes=\"auto, (max-width: 1024px) 100vw, 1024px\" \/><\/figure>\n\n\n\n<figure class=\"wp-block-image size-large\"><img loading=\"lazy\" decoding=\"async\" width=\"1024\" height=\"768\" data-id=\"5640\" src=\"https:\/\/jettescamino.dk\/wp-content\/uploads\/2023\/05\/2022-9-7-IMG_2764.jpg\" alt=\"\" class=\"wp-image-5640\" srcset=\"https:\/\/jettescamino.dk\/wp-content\/uploads\/2023\/05\/2022-9-7-IMG_2764.jpg 1024w, https:\/\/jettescamino.dk\/wp-content\/uploads\/2023\/05\/2022-9-7-IMG_2764-300x225.jpg 300w, https:\/\/jettescamino.dk\/wp-content\/uploads\/2023\/05\/2022-9-7-IMG_2764-768x576.jpg 768w\" sizes=\"auto, (max-width: 1024px) 100vw, 1024px\" \/><\/figure>\n<\/figure>\n\n\n\n<p>Derimod er der andre ting jeg kan se. Spor af ildsteder og noget der skulle v\u00e6re et sengeleje. Som man siger at det er en fordel at l\u00e6gge sig p\u00e5, hvis man \u00f8nsker at skabe mirakler omkring sin fertilitet.<\/p>\n\n\n\n<p>Historien siger at emitaen var i brug fra det 12. \u00e5rhundrede til slutningen af \u200b\u200bdet 14. \u00e5rhundrede, idet man ved fra skriftlige kilder, at den totale \u00f8del\u00e6ggelse af helligdommen efter ordre fra kirken fandt sted i det 17. \u00e5rhundrede, og man opgav dette pilgrimssted. Egentlig meget interessant.<\/p>\n\n\n\n<p>Vender tilbage til Finasterra  og spiser en sk\u00f8n middag nede ved havnen.<\/p>\n\n\n\n<figure class=\"wp-block-image size-full\"><img loading=\"lazy\" decoding=\"async\" width=\"1024\" height=\"768\" src=\"https:\/\/jettescamino.dk\/wp-content\/uploads\/2023\/05\/2022-9-7-IMG_2771.jpg\" alt=\"\" class=\"wp-image-5642\" srcset=\"https:\/\/jettescamino.dk\/wp-content\/uploads\/2023\/05\/2022-9-7-IMG_2771.jpg 1024w, https:\/\/jettescamino.dk\/wp-content\/uploads\/2023\/05\/2022-9-7-IMG_2771-300x225.jpg 300w, https:\/\/jettescamino.dk\/wp-content\/uploads\/2023\/05\/2022-9-7-IMG_2771-768x576.jpg 768w\" sizes=\"auto, (max-width: 1024px) 100vw, 1024px\" \/><\/figure>\n\n\n\n<p class=\"has-medium-font-size\"><strong>08\/09<\/strong> <strong>Finasterra<\/strong><\/p>\n\n\n\n<p>Det \u00f8ser ned i dag. K\u00f8ber en paraply og g\u00e5r en tur i regnen.<\/p>\n\n\n\n<figure class=\"wp-block-image size-full\"><img loading=\"lazy\" decoding=\"async\" width=\"1024\" height=\"768\" src=\"https:\/\/jettescamino.dk\/wp-content\/uploads\/2023\/05\/2022-9-7-IMG_2785.jpg\" alt=\"\" class=\"wp-image-5643\" srcset=\"https:\/\/jettescamino.dk\/wp-content\/uploads\/2023\/05\/2022-9-7-IMG_2785.jpg 1024w, https:\/\/jettescamino.dk\/wp-content\/uploads\/2023\/05\/2022-9-7-IMG_2785-300x225.jpg 300w, https:\/\/jettescamino.dk\/wp-content\/uploads\/2023\/05\/2022-9-7-IMG_2785-768x576.jpg 768w\" sizes=\"auto, (max-width: 1024px) 100vw, 1024px\" \/><figcaption class=\"wp-element-caption\"><em>Pilgrimme st\u00e5r i k\u00f8 i regnen for at komme ind og vaske eller t\u00f8rre deres t\u00f8j<\/em><\/figcaption><\/figure>\n\n\n\n<figure class=\"wp-block-image size-full\"><img loading=\"lazy\" decoding=\"async\" width=\"1024\" height=\"768\" src=\"https:\/\/jettescamino.dk\/wp-content\/uploads\/2023\/05\/2022-09-IMG_2792.jpg\" alt=\"\" class=\"wp-image-5632\" srcset=\"https:\/\/jettescamino.dk\/wp-content\/uploads\/2023\/05\/2022-09-IMG_2792.jpg 1024w, https:\/\/jettescamino.dk\/wp-content\/uploads\/2023\/05\/2022-09-IMG_2792-300x225.jpg 300w, https:\/\/jettescamino.dk\/wp-content\/uploads\/2023\/05\/2022-09-IMG_2792-768x576.jpg 768w\" sizes=\"auto, (max-width: 1024px) 100vw, 1024px\" \/><\/figure>\n\n\n\n<figure class=\"wp-block-image size-full\"><img loading=\"lazy\" decoding=\"async\" width=\"768\" height=\"1024\" src=\"https:\/\/jettescamino.dk\/wp-content\/uploads\/2023\/05\/2022-9-7-IMG_2803-rotated.jpg\" alt=\"\" class=\"wp-image-5644\" srcset=\"https:\/\/jettescamino.dk\/wp-content\/uploads\/2023\/05\/2022-9-7-IMG_2803-rotated.jpg 768w, https:\/\/jettescamino.dk\/wp-content\/uploads\/2023\/05\/2022-9-7-IMG_2803-225x300.jpg 225w\" sizes=\"auto, (max-width: 768px) 100vw, 768px\" \/><\/figure>\n\n\n\n<p class=\"has-medium-font-size\"><strong>09\/09<\/strong> <strong>Finasterra-Muxia 29km<\/strong><\/p>\n\n\n\n<p>G\u00e5r fra pensionen efter kaffe, et knus og gode \u00f8nsker. Og den mest fantastiske r\u00f8de solopgang. <\/p>\n\n\n\n<figure class=\"wp-block-image size-full\"><img loading=\"lazy\" decoding=\"async\" width=\"1024\" height=\"768\" src=\"https:\/\/jettescamino.dk\/wp-content\/uploads\/2023\/05\/2022-9-7-IMG_2809.jpg\" alt=\"\" class=\"wp-image-5645\" srcset=\"https:\/\/jettescamino.dk\/wp-content\/uploads\/2023\/05\/2022-9-7-IMG_2809.jpg 1024w, https:\/\/jettescamino.dk\/wp-content\/uploads\/2023\/05\/2022-9-7-IMG_2809-300x225.jpg 300w, https:\/\/jettescamino.dk\/wp-content\/uploads\/2023\/05\/2022-9-7-IMG_2809-768x576.jpg 768w\" sizes=\"auto, (max-width: 1024px) 100vw, 1024px\" \/><\/figure>\n\n\n\n<p>Smuk smuk tur med udsigt til Atlanterhavet og Costa del Morte som hele kysten kaldes, fordi der har v\u00e6ret s\u00e5 mange skibsforlis. M\u00f8der flere pilgrimme, som fort\u00e6ller at der er festival i Muxia og umuligt at opdrive en seng. Jeg har heldigvis allerede booket en plads i et privat alberge. M\u00f8der et belgisk par de har g\u00e5et fra Belgien og v\u00e6ret p\u00e5 vejen i 3,5 mdr. De har samme opfattelse af caminoen som mig. Folk er efterh\u00e5nden mere turister og de gider ikke stempler og pilgrimspas. Ligesom de ikke gider at b\u00e6re deres bagage selv.<\/p>\n\n\n\n<figure class=\"wp-block-gallery has-nested-images columns-default is-cropped wp-block-gallery-5 is-layout-flex wp-block-gallery-is-layout-flex\">\n<figure class=\"wp-block-image size-large\"><img loading=\"lazy\" decoding=\"async\" width=\"1024\" height=\"768\" data-id=\"5646\" src=\"https:\/\/jettescamino.dk\/wp-content\/uploads\/2023\/05\/2022-9-7-IMG_2816.jpg\" alt=\"\" class=\"wp-image-5646\" srcset=\"https:\/\/jettescamino.dk\/wp-content\/uploads\/2023\/05\/2022-9-7-IMG_2816.jpg 1024w, https:\/\/jettescamino.dk\/wp-content\/uploads\/2023\/05\/2022-9-7-IMG_2816-300x225.jpg 300w, https:\/\/jettescamino.dk\/wp-content\/uploads\/2023\/05\/2022-9-7-IMG_2816-768x576.jpg 768w\" sizes=\"auto, (max-width: 1024px) 100vw, 1024px\" \/><\/figure>\n\n\n\n<figure class=\"wp-block-image size-large\"><img loading=\"lazy\" decoding=\"async\" width=\"1024\" height=\"768\" data-id=\"5647\" src=\"https:\/\/jettescamino.dk\/wp-content\/uploads\/2023\/05\/2022-9-7-IMG_2818.jpg\" alt=\"\" class=\"wp-image-5647\" srcset=\"https:\/\/jettescamino.dk\/wp-content\/uploads\/2023\/05\/2022-9-7-IMG_2818.jpg 1024w, https:\/\/jettescamino.dk\/wp-content\/uploads\/2023\/05\/2022-9-7-IMG_2818-300x225.jpg 300w, https:\/\/jettescamino.dk\/wp-content\/uploads\/2023\/05\/2022-9-7-IMG_2818-768x576.jpg 768w\" sizes=\"auto, (max-width: 1024px) 100vw, 1024px\" \/><\/figure>\n<\/figure>\n\n\n\n<p>Jeg er lidt nerv\u00f8s for min reservation, for der stod p\u00e5 booking.com at der kun var 2 pladser tilbage. Men da jeg endelig ankom, kunne jeg se at der var en del ledige senge. Jeg fik ovenik\u00f8bet mulighed for at v\u00e6lge mellem den nye afdeling i stueetagen og et n\u00f8dalberge nedenunder. Jeg betalte 31euro for to n\u00e6tter men kunne se at alberget ellers kun kostede 14 euro pr nat. Men jeg t\u00f8r ikke protestere for det er \u00e5benbart ikke sv\u00e6rt at skaffe kunder.<\/p>\n\n\n\n<p>F\u00e5r at vide af hospitalieroen at der er fiesta i byen (\u00e5h nej) og der er rigtig mange unge mennesker. Og da de sover sent ved 4-5 tiden anbefaler han at jeg v\u00e6lger en seng i underetagen. Det viste sig at det egentlig var et diskotek, med et k\u00e6mpe baromr\u00e5de, diskokugler og h\u00f8jtalere alle vegne.<\/p>\n\n\n\n<figure class=\"wp-block-gallery has-nested-images columns-default is-cropped wp-block-gallery-6 is-layout-flex wp-block-gallery-is-layout-flex\">\n<figure class=\"wp-block-image size-large\"><img loading=\"lazy\" decoding=\"async\" width=\"1024\" height=\"768\" data-id=\"5657\" src=\"https:\/\/jettescamino.dk\/wp-content\/uploads\/2023\/05\/2022-9-7-IMG_2874.jpg\" alt=\"\" class=\"wp-image-5657\" srcset=\"https:\/\/jettescamino.dk\/wp-content\/uploads\/2023\/05\/2022-9-7-IMG_2874.jpg 1024w, https:\/\/jettescamino.dk\/wp-content\/uploads\/2023\/05\/2022-9-7-IMG_2874-300x225.jpg 300w, https:\/\/jettescamino.dk\/wp-content\/uploads\/2023\/05\/2022-9-7-IMG_2874-768x576.jpg 768w\" sizes=\"auto, (max-width: 1024px) 100vw, 1024px\" \/><\/figure>\n\n\n\n<figure class=\"wp-block-image size-large\"><img loading=\"lazy\" decoding=\"async\" width=\"1024\" height=\"768\" data-id=\"5656\" src=\"https:\/\/jettescamino.dk\/wp-content\/uploads\/2023\/05\/2022-9-7-IMG_2871.jpg\" alt=\"\" class=\"wp-image-5656\" srcset=\"https:\/\/jettescamino.dk\/wp-content\/uploads\/2023\/05\/2022-9-7-IMG_2871.jpg 1024w, https:\/\/jettescamino.dk\/wp-content\/uploads\/2023\/05\/2022-9-7-IMG_2871-300x225.jpg 300w, https:\/\/jettescamino.dk\/wp-content\/uploads\/2023\/05\/2022-9-7-IMG_2871-768x576.jpg 768w\" sizes=\"auto, (max-width: 1024px) 100vw, 1024px\" \/><\/figure>\n\n\n\n<figure class=\"wp-block-image size-large\"><img loading=\"lazy\" decoding=\"async\" width=\"1024\" height=\"768\" data-id=\"5655\" src=\"https:\/\/jettescamino.dk\/wp-content\/uploads\/2023\/05\/2022-9-7-IMG_2870.jpg\" alt=\"\" class=\"wp-image-5655\" srcset=\"https:\/\/jettescamino.dk\/wp-content\/uploads\/2023\/05\/2022-9-7-IMG_2870.jpg 1024w, https:\/\/jettescamino.dk\/wp-content\/uploads\/2023\/05\/2022-9-7-IMG_2870-300x225.jpg 300w, https:\/\/jettescamino.dk\/wp-content\/uploads\/2023\/05\/2022-9-7-IMG_2870-768x576.jpg 768w\" sizes=\"auto, (max-width: 1024px) 100vw, 1024px\" \/><\/figure>\n<\/figure>\n\n\n\n<p>Der er s\u00e5 sat en masse k\u00f8jesenge op og h\u00e6ngt forh\u00e6ng om s\u00e5 der er skabt lidt rumeffekt. Jeg har pr\u00f8vet at bo i en kirke, et nedlagt f\u00e6ngsel, et \u00e6ldrecenter og nu ogs\u00e5 et diskotek. Diskotek Scorpia. Jeg kan slet ikke se hvad et diskotek skal g\u00f8re godt for i s\u00e5dan en lille, gammel, historisk og smuk by som Muxia.<\/p>\n\n\n\n<figure class=\"wp-block-gallery has-nested-images columns-default is-cropped wp-block-gallery-7 is-layout-flex wp-block-gallery-is-layout-flex\">\n<figure class=\"wp-block-image size-large\"><img loading=\"lazy\" decoding=\"async\" width=\"768\" height=\"1024\" data-id=\"5648\" src=\"https:\/\/jettescamino.dk\/wp-content\/uploads\/2023\/05\/2022-9-7-IMG_2830-rotated.jpg\" alt=\"\" class=\"wp-image-5648\" srcset=\"https:\/\/jettescamino.dk\/wp-content\/uploads\/2023\/05\/2022-9-7-IMG_2830-rotated.jpg 768w, https:\/\/jettescamino.dk\/wp-content\/uploads\/2023\/05\/2022-9-7-IMG_2830-225x300.jpg 225w\" sizes=\"auto, (max-width: 768px) 100vw, 768px\" \/><\/figure>\n\n\n\n<figure class=\"wp-block-image size-large\"><img loading=\"lazy\" decoding=\"async\" width=\"1024\" height=\"768\" data-id=\"5649\" src=\"https:\/\/jettescamino.dk\/wp-content\/uploads\/2023\/05\/2022-9-7-IMG_2831.jpg\" alt=\"\" class=\"wp-image-5649\" srcset=\"https:\/\/jettescamino.dk\/wp-content\/uploads\/2023\/05\/2022-9-7-IMG_2831.jpg 1024w, https:\/\/jettescamino.dk\/wp-content\/uploads\/2023\/05\/2022-9-7-IMG_2831-300x225.jpg 300w, https:\/\/jettescamino.dk\/wp-content\/uploads\/2023\/05\/2022-9-7-IMG_2831-768x576.jpg 768w\" sizes=\"auto, (max-width: 1024px) 100vw, 1024px\" \/><\/figure>\n<\/figure>\n\n\n\n<figure class=\"wp-block-gallery has-nested-images columns-default is-cropped wp-block-gallery-8 is-layout-flex wp-block-gallery-is-layout-flex\">\n<figure class=\"wp-block-image size-large\"><img loading=\"lazy\" decoding=\"async\" width=\"768\" height=\"1024\" data-id=\"5650\" src=\"https:\/\/jettescamino.dk\/wp-content\/uploads\/2023\/05\/2022-9-7-IMG_2833-rotated.jpg\" alt=\"\" class=\"wp-image-5650\" srcset=\"https:\/\/jettescamino.dk\/wp-content\/uploads\/2023\/05\/2022-9-7-IMG_2833-rotated.jpg 768w, https:\/\/jettescamino.dk\/wp-content\/uploads\/2023\/05\/2022-9-7-IMG_2833-225x300.jpg 225w\" sizes=\"auto, (max-width: 768px) 100vw, 768px\" \/><\/figure>\n\n\n\n<figure class=\"wp-block-image size-large\"><img loading=\"lazy\" decoding=\"async\" width=\"768\" height=\"1024\" data-id=\"5651\" src=\"https:\/\/jettescamino.dk\/wp-content\/uploads\/2023\/05\/2022-9-7-IMG_2835-rotated.jpg\" alt=\"\" class=\"wp-image-5651\" srcset=\"https:\/\/jettescamino.dk\/wp-content\/uploads\/2023\/05\/2022-9-7-IMG_2835-rotated.jpg 768w, https:\/\/jettescamino.dk\/wp-content\/uploads\/2023\/05\/2022-9-7-IMG_2835-225x300.jpg 225w\" sizes=\"auto, (max-width: 768px) 100vw, 768px\" \/><\/figure>\n<\/figure>\n\n\n\n<p>Meget forudseende t\u00e6nker jeg at det her nok ikke holder i l\u00e6ngden, s\u00e5 jeg booker en pension i La Cor\u00fana i n\u00e6rheden af lufthavnen til de sidste n\u00e6tter. S\u00e5 er det p\u00e5 plads.<\/p>\n\n\n\n<p>Det viser sig at fiestaen er for \u201dThe Virgin da Barca\u201d. S\u00e5 blev man s\u00e5 klog.<\/p>\n\n\n\n<p>&#8220;The Virgin da Barca&#8221; eller Jomfru Maria kom sejlende hertil i en b\u00e5d af sten for at opmuntre apostlen Saint Jacob under hans forkyndelse i Hispania. P\u00e5 den m\u00e5de bliver stenene, der omgiver dette lille tempel, fortolket som de forskellige dele af hendes skib: b\u00e5den (Pedra de Abalar), sejlet (Pedra dos Cadr\u00eds) og roret (Pedra do Tim\u00f3n).<\/p>\n\n\n\n<figure class=\"wp-block-image size-full\"><img loading=\"lazy\" decoding=\"async\" width=\"1024\" height=\"768\" src=\"https:\/\/jettescamino.dk\/wp-content\/uploads\/2023\/05\/2022-9-7-IMG_2846.jpg\" alt=\"\" class=\"wp-image-5652\" srcset=\"https:\/\/jettescamino.dk\/wp-content\/uploads\/2023\/05\/2022-9-7-IMG_2846.jpg 1024w, https:\/\/jettescamino.dk\/wp-content\/uploads\/2023\/05\/2022-9-7-IMG_2846-300x225.jpg 300w, https:\/\/jettescamino.dk\/wp-content\/uploads\/2023\/05\/2022-9-7-IMG_2846-768x576.jpg 768w\" sizes=\"auto, (max-width: 1024px) 100vw, 1024px\" \/><\/figure>\n\n\n\n<p>Legenden fort\u00e6ller at disse &#8220;sten&#8221; forudsiger ulykker, eller har en helbredende kraft. F.eks Abalar-stenen, en trekantet megalit, 9 meter lang. Man siger at den svajer, n\u00e5r folk st\u00e5r p\u00e5 den, og producerer en lidt h\u00e6s lyd. Vel og m\u00e6rke, n\u00e5r den der st\u00e5r p\u00e5 den er uskyldige i hjertet. Ryster den under mig? Ikke det der ligner.<\/p>\n\n\n\n<figure class=\"wp-block-gallery has-nested-images columns-default is-cropped wp-block-gallery-9 is-layout-flex wp-block-gallery-is-layout-flex\">\n<figure class=\"wp-block-image size-large\"><img loading=\"lazy\" decoding=\"async\" width=\"1024\" height=\"768\" data-id=\"5653\" src=\"https:\/\/jettescamino.dk\/wp-content\/uploads\/2023\/05\/2022-9-7-IMG_2847.jpg\" alt=\"\" class=\"wp-image-5653\" srcset=\"https:\/\/jettescamino.dk\/wp-content\/uploads\/2023\/05\/2022-9-7-IMG_2847.jpg 1024w, https:\/\/jettescamino.dk\/wp-content\/uploads\/2023\/05\/2022-9-7-IMG_2847-300x225.jpg 300w, https:\/\/jettescamino.dk\/wp-content\/uploads\/2023\/05\/2022-9-7-IMG_2847-768x576.jpg 768w\" sizes=\"auto, (max-width: 1024px) 100vw, 1024px\" \/><\/figure>\n\n\n\n<figure class=\"wp-block-image size-large\"><img loading=\"lazy\" decoding=\"async\" width=\"1024\" height=\"768\" data-id=\"5654\" src=\"https:\/\/jettescamino.dk\/wp-content\/uploads\/2023\/05\/2022-9-7-IMG_2855.jpg\" alt=\"\" class=\"wp-image-5654\" srcset=\"https:\/\/jettescamino.dk\/wp-content\/uploads\/2023\/05\/2022-9-7-IMG_2855.jpg 1024w, https:\/\/jettescamino.dk\/wp-content\/uploads\/2023\/05\/2022-9-7-IMG_2855-300x225.jpg 300w, https:\/\/jettescamino.dk\/wp-content\/uploads\/2023\/05\/2022-9-7-IMG_2855-768x576.jpg 768w\" sizes=\"auto, (max-width: 1024px) 100vw, 1024px\" \/><\/figure>\n<\/figure>\n\n\n\n<p>For bedre at forst\u00e5 helligheden, f\u00e5r I her noget af den originale legende:<\/p>\n\n\n\n<blockquote class=\"wp-block-quote is-layout-flow wp-block-quote-is-layout-flow\">\n<p><\/p>\n<cite>Under apostlens forkyndelse omkring Comarca \u00c1rtabra, efter hans ophold i byen Duio (Finisterre-regionen), blev stedet oversv\u00f8mmet, og alle dets indbyggere forsvandt, som en straf for at ignorere Santiagos forkyndelse og i stedet tilbede solen. Senere trak han sig tilbage til den afsondrede region Mux\u00eda, og der, i Punta de Xavi\u00f1a, stoppede han for at bede til Herren med den hensigt, at folket ville stoppe med deres fjendtlighed, som hans forkyndelse blev modtaget med.<br>Pludselig observerede apostelen en mystisk b\u00e5d, der n\u00e6rmede sig kysten, og i den betragtede han Jomfruen, fuld af sk\u00f8nhed og majest\u00e6t. Jomfruen opmuntrer derefter apostlen og meddeler ham succesen med hans forkyndelse p\u00e5 Hispania og beordrer ham til at vende tilbage til Jerusalem, da hans mission var opfyldt. B\u00e5den, hvori Jomfruen ankom til Punta de Xavi\u00f1a, var lavet af sten, s\u00e5vel som sejlet og roret, som blev aflejret der.<\/cite><\/blockquote>\n\n\n\n<p>Normalt er Muxia og specielt det hellige omr\u00e5de p\u00e5 kysten ved kirken helt fantastisk. Jeg har ikke v\u00e6ret her siden 2006 og jeg har l\u00e6ngtes lige siden efter at se stedet igen. Nu er der fyldt med mennesker alle vegne, og mange (prim\u00e6rt unge mennesker) sejler rundt i en uges brandert. En masse orkestre fors\u00f8ger at overd\u00f8ve hinanden. P\u00e5 et tidspunkt er jeg omgivet af 4 forskellige musikgenre og en ung sangerinde st\u00e5r fortvivlet p\u00e5 en scene og har ikke en chance for at n\u00e5 ud til sit publikum. Og der er boder og glassk\u00e5r overalt. Det er som om de her fiestaer forf\u00f8lger mig, men det her er godt nok den v\u00e6rste. Jeg m\u00e5 simpelthen v\u00e6k herfra.<\/p>\n\n\n\n<figure class=\"wp-block-image size-full\"><img loading=\"lazy\" decoding=\"async\" width=\"1024\" height=\"768\" src=\"https:\/\/jettescamino.dk\/wp-content\/uploads\/2023\/05\/2022-9-7-IMG_2902.jpg\" alt=\"\" class=\"wp-image-5658\" srcset=\"https:\/\/jettescamino.dk\/wp-content\/uploads\/2023\/05\/2022-9-7-IMG_2902.jpg 1024w, https:\/\/jettescamino.dk\/wp-content\/uploads\/2023\/05\/2022-9-7-IMG_2902-300x225.jpg 300w, https:\/\/jettescamino.dk\/wp-content\/uploads\/2023\/05\/2022-9-7-IMG_2902-768x576.jpg 768w\" sizes=\"auto, (max-width: 1024px) 100vw, 1024px\" \/><\/figure>\n\n\n\n<p>Problemet er bare om der k\u00f8rer busser i weekenden og specielt under fiestaen. Hospitalieroen tr\u00e6kker bare p\u00e5 skulderen, da jeg sp\u00f8rger ham. Han ved intet. Hans forudsigelse om at der vil v\u00e6re roligt i underetagen holder heller ikke. Der hvor jeg sover bor der 4 andre min sidste nat i Muxia. De gik f\u00f8rst i byen efter at jeg var g\u00e5et i seng. En kom hjem kl 2, en anden kl 4 og to piger kom hjem kl. 7. Og man v\u00e5gner hver gang.<\/p>\n\n\n\n<figure class=\"wp-block-image size-full\"><img loading=\"lazy\" decoding=\"async\" width=\"1024\" height=\"768\" src=\"https:\/\/jettescamino.dk\/wp-content\/uploads\/2023\/05\/2022-9-7-IMG_2908.jpg\" alt=\"\" class=\"wp-image-5659\" srcset=\"https:\/\/jettescamino.dk\/wp-content\/uploads\/2023\/05\/2022-9-7-IMG_2908.jpg 1024w, https:\/\/jettescamino.dk\/wp-content\/uploads\/2023\/05\/2022-9-7-IMG_2908-300x225.jpg 300w, https:\/\/jettescamino.dk\/wp-content\/uploads\/2023\/05\/2022-9-7-IMG_2908-768x576.jpg 768w\" sizes=\"auto, (max-width: 1024px) 100vw, 1024px\" \/><\/figure>\n\n\n\n<p>Men med hensyn til transport s\u00e5 finder jeg busholdepladsen og et skilt med afgangstider, men i l\u00f8bet af de 2 dage har jeg ikke set nogen bus. Jeg har n\u00e6rmest opgivet og beslutter mig for at der er ikke anden mulighed end en taxa. Og der har jeg 2 muligheder. En taxa til La Corona vil koste en formue. Alternativt kan jeg tage en taxa til Cee og s\u00e5 tage bussen derfra. Beslutter mig for det sidste og g\u00e5r tilbage mod alberget. T\u00e6nker lidt over at hvis jeg t\u00e6nker logisk s\u00e5 er det jo faktisk helt umulig for en bus at bev\u00e6ge sig ind i byen med alle de mennesker og boder der er her. S\u00e5 hvis der er nogen bus der skal have en chance, m\u00e5 den holde inden byen. Og selvf\u00f8lgelig. Nede p\u00e5 havnen, lige inden man k\u00f8rer ind i byen, ser jeg flere busser og pilgrimme der er ved at stige om bord. Somme tider er det alts\u00e5 godt lige at t\u00e6nke sig om.<\/p>\n\n\n\n<figure class=\"wp-block-image size-full\"><img loading=\"lazy\" decoding=\"async\" width=\"1024\" height=\"768\" src=\"https:\/\/jettescamino.dk\/wp-content\/uploads\/2023\/05\/2022-9-7-IMG_2909.jpg\" alt=\"\" class=\"wp-image-5660\" srcset=\"https:\/\/jettescamino.dk\/wp-content\/uploads\/2023\/05\/2022-9-7-IMG_2909.jpg 1024w, https:\/\/jettescamino.dk\/wp-content\/uploads\/2023\/05\/2022-9-7-IMG_2909-300x225.jpg 300w, https:\/\/jettescamino.dk\/wp-content\/uploads\/2023\/05\/2022-9-7-IMG_2909-768x576.jpg 768w\" sizes=\"auto, (max-width: 1024px) 100vw, 1024px\" \/><\/figure>\n\n\n\n<p class=\"has-medium-font-size\"><strong>11\/09<\/strong><\/p>\n\n\n\n<p>N\u00e6ste morgen er der ingen kaffe i alberget. Vandforsyningen er lukket i hele byen, men ingen ved hvorfor. G\u00e5r tidligt ned til havnen for at finde min bus. og jeg f\u00e5r en dejlig k\u00f8retur til La Cor\u00fana. 3,5 times k\u00f8rsel ind og ud mellem alle de sm\u00e5 fl\u00e6kker. Men dejlige steder, som jeg normalt aldrig ville have set.<\/p>\n\n\n\n<p>Pensionen  jeg har booket ligger 3km fra La Cor\u00fana Aeropuerto som ikke ligger i La Cor\u00fana, men i en n\u00e6rliggende by O Burgo. &nbsp;&nbsp;I l\u00f8bet af busturen tikker der en besked ind. &nbsp;\u201d\u00bfMe pueden orientar sobre la hora de llegada?\u201d. En stor del af busturen g\u00e5r med at svare v\u00e6rten p\u00e5 \u201dCasa Julio\u201d og fort\u00e6lle hvorn\u00e5r jeg forvente at ankomme. Jeg f\u00e5r et sk\u00f8nt v\u00e6relse.<\/p>\n\n\n\n<p>Bruger de n\u00e6se 2 dage til at lege turist. Der er ca 10km\u00b4s gang ind til La Cor\u00fana centrum. Og 8 km ud til et stort outletmarked. S\u00e5 jeg f\u00e5r g\u00e5et en masse.<\/p>\n\n\n\n<p>Jeg f\u00e5r ogs\u00e5 pr\u00f8vet at g\u00e5 ruten ud til lufthavnen. Det er ad en meget trafikeret vej og der er intet fortov eller gadelys, s\u00e5 jeg skal lige v\u00e6re sikker p\u00e5 at det overhovedet er muligt at g\u00e5 derud.<\/p>\n\n\n\n<p>Det blev nu slet ikke aktuelt, for n\u00e6ste morgen kl.6 da jeg forlod pensionen, holdt der en taxa 10 m v\u00e6k.<\/p>\n\n\n\n<p>S\u00e5 jeg beh\u00f8vede slet ikke at bev\u00e6ge mig ud i m\u00f8rket p\u00e5 hovedvejen.<\/p>\n\n\n\n<p>Det har egentlig v\u00e6ret en ret vellykket tur. Jeg har haft mange udfordringer, men jeg har altid magtet at l\u00f8se dem. Det har selvf\u00f8lgelig v\u00e6ret lidt ensomt, men ogs\u00e5 dejligt selv at kunne bestemme og kunne v\u00e6re lidt impulsiv. Jeg har boet nogle rigtig dejlige steder og f\u00e5et en masse god mad og vin. Vejret har for det meste v\u00e6ret rigtig godt selv om det har regnet nogle dage. Men det var kun en dag hvor det var rigtig voldsomt.<\/p>\n\n\n\n<p>Der er kun det der med at de fleste f\u00e5r k\u00f8rt deres bagage og booker overnatning i forvejen der virkelig generer mig. For ikke at tale om dem der booker en tur med et rejseselskab og bliver k\u00f8rt rundt i en bus. Jeg t\u00e6nker ikke at de g\u00e5r ret meget. Men jeg s\u00e5 flere af de selskaber og de stod altid og fyldte lige der hvor jeg gerne ville fotografere.<\/p>\n\n\n\n<p>Enhver g\u00e5r selvf\u00f8lgelig caminoen p\u00e5 sin egen m\u00e5de og det skal jeg ikke g\u00f8re mig til dommer over. Der kan jo ogs\u00e5 v\u00e6re dem der ikke magter at b\u00e6re deres rygs\u00e6k af helbredsgrunde. &nbsp;Men n\u00e5r de booker sengepladser flere steder end de egentlig har brug for, s\u00e5 der ikke er plads til mig, generer det mig i h\u00f8j grad. S\u00e5dan en som Fritzi gjorde det rigtige i mine \u00f8jne, for hun indlogerede sig p\u00e5 hoteller, hvor hun ikke tog sengepladser fra nogen.<\/p>\n\n\n\n<p>Da jeg sad i Muxia og var skuffet over luksus pilgrimme, fyrv\u00e6rker og fiestaer, optog jeg faktisk en meget dybsindig (ironi kan forekomme) video hvor jeg siger farvel til caminoen. Ikke fordi det har v\u00e6ret s\u00e6rligt h\u00e5rdt. Jeg har heller ikke haft nogen skader, eller haft n\u00e6vnev\u00e6rdige problemer med at finde vej. Alt har godt nok fungeret som det skulle. &nbsp;Jeg er bare tr\u00e6t af at sl\u00e6be rundt p\u00e5 10 kg p\u00e5 ryggen n\u00e5r andre f\u00e5r k\u00f8rt deres bagage. Du sp\u00f8rger s\u00e5 \u201dHvorfor g\u00f8r du ikke bare det samme?\u201d<\/p>\n\n\n\n<p>Men det vil ikke f\u00f8les rigtigt for mig. Det skal v\u00e6re h\u00e5rdt. Jeg skal opleve de andre snorkende og pruttede pilgrimme i sovesalen. Og jeg skal opleve den fantastiske begejstring, n\u00e5r man har sl\u00e6bt sig frem til den by man skal overnatte i.<\/p>\n\n\n\n<p>Jeg ville \u00f8nske at jeg kunne skrue tiden tilbage og opleve alle mine caminoer igen. P\u00e5 godt og ondt. Og der er at jeg t\u00e6nkte at jeg egentlig ikke f\u00f8ler at jeg har mere tilbage at opleve. S\u00e5 det m\u00e5 v\u00e6re slut nu.<\/p>\n\n\n\n<p>Af en eller anden grund l\u00e6gger jeg ikke videoen op. Jeg tror jeg t\u00e6nker, at der alligevel ikke er nogen af dem der kender mig godt, der tror p\u00e5 at jeg er f\u00e6rdig med caminoen.<\/p>\n\n\n\n<p>Og nu hvor jeg er hjemme igen t\u00e6nker jeg ogs\u00e5 at det var m\u00e5ske valget af rute der var forkert. Og det kan jeg jo kun finde ud af ved at tage af sted igen.<\/p>\n\n\n\n<figure class=\"wp-block-image size-full\"><img loading=\"lazy\" decoding=\"async\" width=\"768\" height=\"1024\" src=\"https:\/\/jettescamino.dk\/wp-content\/uploads\/2023\/05\/2022-9-7-IMG_2933-rotated.jpg\" alt=\"\" class=\"wp-image-5661\" srcset=\"https:\/\/jettescamino.dk\/wp-content\/uploads\/2023\/05\/2022-9-7-IMG_2933-rotated.jpg 768w, https:\/\/jettescamino.dk\/wp-content\/uploads\/2023\/05\/2022-9-7-IMG_2933-225x300.jpg 225w\" sizes=\"auto, (max-width: 768px) 100vw, 768px\" \/><\/figure>\n\n\n\n<p>SLUT<\/p>\n\n\n\n<p>NB!!! S\u00e5 fik jeg lige en nedtur i lufthavnen, da jeg skulle gennem kontrollen. Mine hammerdyre titanium vandrestave blev konfiskeret. Jeg fik tilbudt at de kunne kalde min kuffert tilbage s\u00e5 jeg kunne l\u00e6gge dem i den. Men jeg har jo ikke nogen kuffert med. Kun min rygs\u00e6k.<\/p>\n\n\n\n<p>S\u00e5 er det jeg tr\u00e6ffer den forkerte beslutning. &#8220;Bare tag dem. Jeg skal alligevel aldrig g\u00e5 caminoen igen&#8221;.<\/p>\n\n\n\n<p>I samme \u00f8jeblik jeg sidder i flyet har jeg fortrudt. Jeg kunne jo bare have g\u00e5et ud til checkin igen og f\u00e5et sendt mine vanderestave specielt.<\/p>\n\n\n\n<p>Men nu er det jo at jeg lovede mig selv en af de f\u00f8rste dage, ikke at t\u00e6nke HVIS nu jeg havde handlet andeledes. Men det skal jeg vist lige arbejde lidt mere med at f\u00e5 styr p\u00e5.<\/p>\n\n\n\n<p>SLUT SLUT<\/p>\n","protected":false},"excerpt":{"rendered":"<p>07\/09 Finasterra 13 km I dag gik jeg ud til \u201dverdens ende\u201d ogs\u00e5 et vigtigt punkt p\u00e5 min rute. Spidsen af halv\u00f8en kaldes &#8220;Verdens ende&#8221;. Det var det sted man&hellip; <\/p>\n","protected":false},"author":1,"featured_media":0,"parent":4291,"menu_order":3,"comment_status":"closed","ping_status":"closed","template":"","meta":{"footnotes":""},"class_list":["post-4312","page","type-page","status-publish","hentry"],"_links":{"self":[{"href":"https:\/\/jettescamino.dk\/index.php?rest_route=\/wp\/v2\/pages\/4312","targetHints":{"allow":["GET"]}}],"collection":[{"href":"https:\/\/jettescamino.dk\/index.php?rest_route=\/wp\/v2\/pages"}],"about":[{"href":"https:\/\/jettescamino.dk\/index.php?rest_route=\/wp\/v2\/types\/page"}],"author":[{"embeddable":true,"href":"https:\/\/jettescamino.dk\/index.php?rest_route=\/wp\/v2\/users\/1"}],"replies":[{"embeddable":true,"href":"https:\/\/jettescamino.dk\/index.php?rest_route=%2Fwp%2Fv2%2Fcomments&post=4312"}],"version-history":[{"count":24,"href":"https:\/\/jettescamino.dk\/index.php?rest_route=\/wp\/v2\/pages\/4312\/revisions"}],"predecessor-version":[{"id":8150,"href":"https:\/\/jettescamino.dk\/index.php?rest_route=\/wp\/v2\/pages\/4312\/revisions\/8150"}],"up":[{"embeddable":true,"href":"https:\/\/jettescamino.dk\/index.php?rest_route=\/wp\/v2\/pages\/4291"}],"wp:attachment":[{"href":"https:\/\/jettescamino.dk\/index.php?rest_route=%2Fwp%2Fv2%2Fmedia&parent=4312"}],"curies":[{"name":"wp","href":"https:\/\/api.w.org\/{rel}","templated":true}]}}